{"id":144,"date":"2018-08-29T09:40:02","date_gmt":"2018-08-29T07:40:02","guid":{"rendered":"http:\/\/queyracines.org\/?page_id=144"},"modified":"2025-06-10T17:48:20","modified_gmt":"2025-06-10T15:48:20","slug":"societes-savantes","status":"publish","type":"page","link":"https:\/\/queyracines.org\/index.php\/societes-savantes\/","title":{"rendered":"Soci\u00e9t\u00e9s savantes"},"content":{"rendered":"<p style=\"text-align: center;\"><strong>2025<\/strong><\/p>\n<p style=\"text-align: center;\"><strong>Soci\u00e9t\u00e9 d&rsquo;Etudes Hautes-Alpes<\/strong><\/p>\n<p style=\"text-align: center;\"><strong>Le Bulletin 2025 a paru. 25 \u20ac \u00e0 la SEHA, 23 rue Carnot, 05000 Gap.\u00a0<\/strong><\/p>\n<p>&nbsp;<\/p>\n<p><img loading=\"lazy\" class=\"aligncenter size-medium wp-image-570\" src=\"http:\/\/queyracines.org\/wp-content\/uploads\/2025\/06\/BSEHA-2025-190x300.jpg\" alt=\"\" width=\"190\" height=\"300\" srcset=\"https:\/\/queyracines.org\/wp-content\/uploads\/2025\/06\/BSEHA-2025-190x300.jpg 190w, https:\/\/queyracines.org\/wp-content\/uploads\/2025\/06\/BSEHA-2025-649x1024.jpg 649w, https:\/\/queyracines.org\/wp-content\/uploads\/2025\/06\/BSEHA-2025-768x1213.jpg 768w, https:\/\/queyracines.org\/wp-content\/uploads\/2025\/06\/BSEHA-2025-973x1536.jpg 973w, https:\/\/queyracines.org\/wp-content\/uploads\/2025\/06\/BSEHA-2025-1297x2048.jpg 1297w, https:\/\/queyracines.org\/wp-content\/uploads\/2025\/06\/BSEHA-2025-scaled.jpg 1621w\" sizes=\"(max-width: 190px) 100vw, 190px\" \/><\/p>\n<p style=\"text-align: center;\">\n<p style=\"text-align: center;\"><strong>Traitant des villages et hameaux abandonn\u00e9s des Hautes-Alpes, il comporte une \u00e9tude sur le mus\u00e9e Le Vieux Queyras d&rsquo;Aiguilles (1920-1981).\u00a0<\/strong><\/p>\n<p>&nbsp;<\/p>\n<p>&nbsp;<\/p>\n<p style=\"text-align: center;\"><strong>Universit\u00e9 de Nice, 28, 29, 30 avril<\/strong><\/p>\n<p style=\"text-align: center;\"><strong>Symposium sur les canaux et l&rsquo;irrigation gravitaire (class\u00e9s au patrimoine mondial de l&rsquo;humanit\u00e9)\u00a0<\/strong><\/p>\n<p style=\"text-align: center;\"><strong>Une communication sur les canaux du Queyras\u00a0<\/strong><\/p>\n<p>&nbsp;<\/p>\n<p style=\"text-align: center;\"><img loading=\"lazy\" class=\"aligncenter size-medium wp-image-567\" src=\"http:\/\/queyracines.org\/wp-content\/uploads\/2025\/05\/Symposium-212x300.jpg\" alt=\"\" width=\"212\" height=\"300\" srcset=\"https:\/\/queyracines.org\/wp-content\/uploads\/2025\/05\/Symposium-212x300.jpg 212w, https:\/\/queyracines.org\/wp-content\/uploads\/2025\/05\/Symposium-723x1024.jpg 723w, https:\/\/queyracines.org\/wp-content\/uploads\/2025\/05\/Symposium-768x1087.jpg 768w, https:\/\/queyracines.org\/wp-content\/uploads\/2025\/05\/Symposium-1085x1536.jpg 1085w, https:\/\/queyracines.org\/wp-content\/uploads\/2025\/05\/Symposium.jpg 1232w\" sizes=\"(max-width: 212px) 100vw, 212px\" \/><\/p>\n<p>&nbsp;<\/p>\n<p>&nbsp;<\/p>\n<p style=\"text-align: center;\"><strong>2024\u00a0<\/strong><\/p>\n<p>&nbsp;<\/p>\n<p style=\"text-align: center;\"><strong>F\u00e9d\u00e9ration historique de Provence\u00a0<\/strong><\/p>\n<p style=\"text-align: center;\"><strong>Colloque \u00ab\u00a0La Provence et le monde<\/strong><\/p>\n<p style=\"text-align: center;\"><strong>4 et 5 octobre 2024 \u00e0 Toulon, auditorium de la m\u00e9diath\u00e8que Chalucet\u00a0<\/strong><\/p>\n<p style=\"text-align: center;\"><strong>Une communication est pr\u00e9vue le vendredi 4 octobre le matin vers 11 heures ou midi sur la r\u00e9ussite des n\u00e9gociants queyrassins<\/strong><\/p>\n<p>&nbsp;<\/p>\n<p style=\"text-align: center;\"><strong>Congr\u00e8s annuel du CTHS<\/strong><\/p>\n<p style=\"text-align: center;\"><strong>(Comit\u00e9 des Travaux historiques et scientifiques)<\/strong><\/p>\n<p style=\"text-align: center;\">Campus Condorcet, Aubervilliers, du 21 au 24 mai 2024<\/p>\n<p style=\"text-align: center;\">Une communication a \u00e9t\u00e9 pr\u00e9sent\u00e9e sur Blaise Richard-Calve (1799-1848), m\u00e9decin queyrassin, auteur d&rsquo;une th\u00e8se sur la gymnastique appliqu\u00e9e \u00e0 l&rsquo;hygi\u00e8ne et \u00e0 la di\u00e9t\u00e9tique.<\/p>\n<p>&nbsp;<\/p>\n<p>&nbsp;<\/p>\n<p style=\"text-align: center;\"><strong>Acad\u00e9mie Delphinale de Grenoble\u00a0<\/strong><\/p>\n<p style=\"text-align: center;\"><strong>D\u00e9but f\u00e9vrier 2024<\/strong><\/p>\n<p style=\"text-align: center;\"><strong>Communication sur \u00ab\u00a0La Belle Epoque \u00e0 Aiguilles\u00a0\u00bb<\/strong><\/p>\n<p style=\"text-align: center;\"><strong>La communication sera publi\u00e9e dans le Bulletin de cette Acad\u00e9mie en 2025<\/strong><\/p>\n<p>&nbsp;<\/p>\n<p style=\"text-align: center;\"><strong>2023<\/strong><\/p>\n<p>&nbsp;<\/p>\n<p style=\"text-align: center;\"><strong>Le Bulletin 2023 <\/strong><\/p>\n<p style=\"text-align: center;\"><strong>de la Soci\u00e9t\u00e9 d&rsquo;Etudes des Hautes-Alpes <\/strong><\/p>\n<p style=\"text-align: center;\"><strong>a paru\u00a0<\/strong><\/p>\n<p>&nbsp;<\/p>\n<p><img loading=\"lazy\" class=\"aligncenter size-medium wp-image-508\" src=\"http:\/\/queyracines.org\/wp-content\/uploads\/2023\/12\/Bulletin-23-190x300.jpg\" alt=\"\" width=\"190\" height=\"300\" srcset=\"https:\/\/queyracines.org\/wp-content\/uploads\/2023\/12\/Bulletin-23-190x300.jpg 190w, https:\/\/queyracines.org\/wp-content\/uploads\/2023\/12\/Bulletin-23-649x1024.jpg 649w, https:\/\/queyracines.org\/wp-content\/uploads\/2023\/12\/Bulletin-23-768x1212.jpg 768w, https:\/\/queyracines.org\/wp-content\/uploads\/2023\/12\/Bulletin-23.jpg 907w\" sizes=\"(max-width: 190px) 100vw, 190px\" \/><\/p>\n<p>&nbsp;<\/p>\n<p>Ce n\u00b0 comprend de nombreuses \u00e9tudes sur l&rsquo;histoire, les paysages et des \u00e9crivains des Hautes-Alpes, 244 pages, dont l&rsquo;\u00e9tude d&rsquo;un adh\u00e9rent de Quey&rsquo;racines sur Marius Fournier, de Ceillac, \u00ab\u00a0cur\u00e9 haut-alpin et \u00e9crivain prolifique\u00a0\u00bb et qui est l&rsquo;auteur de l&rsquo;Hymne du Queyras en 1897.<\/p>\n<p>Pour se procurer ce volume (25 \u20ac), consultez le site internet de SEHA ou adressez-vous au si\u00e8ge, 23 rue Carnot \u00e0 Gap. T\u00e9l. 04 92 51 76 07.<\/p>\n<p>&nbsp;<\/p>\n<p>&nbsp;<\/p>\n<p style=\"text-align: center;\"><strong>Congr\u00e8s annuel du CTHS<\/strong><\/p>\n<p style=\"text-align: center;\"><strong>(Comit\u00e9 des Travaux historiques et scientifiques)<\/strong><\/p>\n<p>Campus Condorcet, Aubervilliers, du 4 au 6 mai 2022<\/p>\n<p>Une communication a \u00e9t\u00e9 pr\u00e9sent\u00e9e sur La mise en p\u00e9riph\u00e9rie du Brian\u00e7onnais (1713-1800). Elle sera publi\u00e9e dans les Actes du Congr\u00e8s.<\/p>\n<p><img loading=\"lazy\" class=\"aligncenter size-medium wp-image-443\" src=\"http:\/\/queyracines.org\/wp-content\/uploads\/2022\/05\/Peripheries-213x300.jpg\" alt=\"\" width=\"213\" height=\"300\" srcset=\"https:\/\/queyracines.org\/wp-content\/uploads\/2022\/05\/Peripheries-213x300.jpg 213w, https:\/\/queyracines.org\/wp-content\/uploads\/2022\/05\/Peripheries-728x1024.jpg 728w, https:\/\/queyracines.org\/wp-content\/uploads\/2022\/05\/Peripheries-768x1080.jpg 768w, https:\/\/queyracines.org\/wp-content\/uploads\/2022\/05\/Peripheries-1092x1536.jpg 1092w, https:\/\/queyracines.org\/wp-content\/uploads\/2022\/05\/Peripheries.jpg 1192w\" sizes=\"(max-width: 213px) 100vw, 213px\" \/><\/p>\n<p>&nbsp;<\/p>\n<p>&nbsp;<\/p>\n<p>&nbsp;<\/p>\n<p style=\"text-align: center;\"><strong>Soci\u00e9t\u00e9 d&rsquo;Etudes des Hautes-Alpes<\/strong><\/p>\n<p>Plusieurs adh\u00e9rents de Quey&rsquo;racines adh\u00e8rent aussi \u00e0 la Soci\u00e9t\u00e9 d&rsquo;Etudes (23 r. Carnot, Gap) et les deux associations s&rsquo;\u00e9changent leurs bulletins. Des contributeurs \u00e0 Quey&rsquo;racines publient aussi r\u00e9guli\u00e8rement des \u00e9tudes savantes dans le <em>Bulletin de la Soci\u00e9t\u00e9 d&rsquo;Etudes des Hautes-Alpes<\/em>\u00a0(B\u00e9n\u00e9dicte de Wailly, Mario Falchi, Jean-G\u00e9rard Lapacherie).<\/p>\n<p>&nbsp;<\/p>\n<p>&nbsp;<\/p>\n<p>&nbsp;<\/p>\n<p style=\"text-align: center;\"><strong>Le Bulletin 2022 a paru<\/strong><\/p>\n<p>&nbsp;<\/p>\n<p><img loading=\"lazy\" class=\"aligncenter size-medium wp-image-474\" src=\"http:\/\/queyracines.org\/wp-content\/uploads\/2022\/12\/Bulletin-2022-194x300.jpg\" alt=\"\" width=\"194\" height=\"300\" srcset=\"https:\/\/queyracines.org\/wp-content\/uploads\/2022\/12\/Bulletin-2022-194x300.jpg 194w, https:\/\/queyracines.org\/wp-content\/uploads\/2022\/12\/Bulletin-2022-662x1024.jpg 662w, https:\/\/queyracines.org\/wp-content\/uploads\/2022\/12\/Bulletin-2022-768x1187.jpg 768w, https:\/\/queyracines.org\/wp-content\/uploads\/2022\/12\/Bulletin-2022-994x1536.jpg 994w, https:\/\/queyracines.org\/wp-content\/uploads\/2022\/12\/Bulletin-2022.jpg 1244w\" sizes=\"(max-width: 194px) 100vw, 194px\" \/><\/p>\n<p>&nbsp;<\/p>\n<p>Il comprend trois \u00e9tudes dont les auteurs sont membres de Quey&rsquo;racines :<\/p>\n<p>B\u00e9n\u00e9dicte de Wailly, \u00ab\u00a0Le dioc\u00e8se d&rsquo;Embrun, Paris et la Cour au temps des gazettes (1667-1789)\u00a0\u00bb ;<\/p>\n<p>Jean-G\u00e9rard Lapacherie, \u00ab\u00a0L&rsquo;amiante du Queyras (1928-1954)\u00a0\u00bb<\/p>\n<p>Mario Falchi, \u00ab\u00a0Des structures hypog\u00e9es en Queyras\u00a0\u00bb.<\/p>\n<p>Prix du n\u00b0 : 25 euros. Disponible dans quelques librairies ou au si\u00e8ge de la SEHA, 23 rue Carnot, 05000 Gap.<\/p>\n<p>&nbsp;<\/p>\n<p>&nbsp;<\/p>\n<p style=\"text-align: center;\"><strong>Le Bulletin 2021 a paru <\/strong><\/p>\n<p>&nbsp;<\/p>\n<p><img loading=\"lazy\" class=\"aligncenter size-medium wp-image-432\" src=\"http:\/\/queyracines.org\/wp-content\/uploads\/2022\/01\/B-2021-194x300.jpg\" alt=\"\" width=\"194\" height=\"300\" srcset=\"https:\/\/queyracines.org\/wp-content\/uploads\/2022\/01\/B-2021-194x300.jpg 194w, https:\/\/queyracines.org\/wp-content\/uploads\/2022\/01\/B-2021-664x1024.jpg 664w, https:\/\/queyracines.org\/wp-content\/uploads\/2022\/01\/B-2021-768x1185.jpg 768w, https:\/\/queyracines.org\/wp-content\/uploads\/2022\/01\/B-2021-996x1536.jpg 996w, https:\/\/queyracines.org\/wp-content\/uploads\/2022\/01\/B-2021.jpg 1251w\" sizes=\"(max-width: 194px) 100vw, 194px\" \/><\/p>\n<p>&nbsp;<\/p>\n<p>Il comprend deux \u00e9tudes sur le Queyras :<\/p>\n<p>de Christopher Davis, Brunissard a br\u00fbl\u00e9 en 1882 ;<\/p>\n<p>de Jean-G\u00e9rard Lapacherie, Les auteurs queyrassins (1840-1950)<\/p>\n<p>&nbsp;<\/p>\n<p>&nbsp;<\/p>\n<p style=\"text-align: center;\"><strong>Le bulletin 2020 a \u00e9t\u00e9 publi\u00e9\u00a0<\/strong><\/p>\n<p>&nbsp;<\/p>\n<p><img loading=\"lazy\" class=\"aligncenter size-full wp-image-374\" src=\"http:\/\/queyracines.org\/wp-content\/uploads\/2020\/12\/cover-site-194x300-1.jpg\" alt=\"\" width=\"194\" height=\"300\" \/><\/p>\n<p>Trois adh\u00e9rents de Quey&rsquo;racines y ont contribu\u00e9 : B\u00e9n\u00e9dicte de Wailly, Mario Falchi, Jean-G\u00e9rard Lapacherie. Deux \u00e9tudes sont consacr\u00e9es au Queyras : de Mario Falchi, \u00ab\u00a0La pierre aux cinq croix des Escoy\u00e8res\u00a0\u00bb, et de Jean-G\u00e9rard Lapacherie, \u00ab\u00a0Albert Gu\u00e9rin, Fran\u00e7ais Libre\u00a0\u00bb.<\/p>\n<p>Il est possible d&rsquo;acqu\u00e9rir ce bulletin assez \u00e9pais, de plus de 200 pages, au prix de 25 \u20ac, soit au si\u00e8ge social, 23 rue Carnot, Gap, soit par le site de Soci\u00e9t\u00e9 d&rsquo;Etudes des Hautes-Alpes. Il y a un bon de commande \u00e0 remplir.<\/p>\n<p>&nbsp;<\/p>\n<p>&nbsp;<\/p>\n<p style=\"text-align: center;\"><strong>Le bulletin 2019 est paru<\/strong><\/p>\n<p><img loading=\"lazy\" class=\"aligncenter size-medium wp-image-286\" src=\"http:\/\/queyracines.org\/wp-content\/uploads\/2020\/01\/SEHA-2019-194x300.jpg\" alt=\"\" width=\"194\" height=\"300\" srcset=\"https:\/\/queyracines.org\/wp-content\/uploads\/2020\/01\/SEHA-2019-194x300.jpg 194w, https:\/\/queyracines.org\/wp-content\/uploads\/2020\/01\/SEHA-2019-768x1190.jpg 768w, https:\/\/queyracines.org\/wp-content\/uploads\/2020\/01\/SEHA-2019-661x1024.jpg 661w, https:\/\/queyracines.org\/wp-content\/uploads\/2020\/01\/SEHA-2019.jpg 1215w\" sizes=\"(max-width: 194px) 100vw, 194px\" \/><\/p>\n<p><img loading=\"lazy\" class=\"aligncenter size-medium wp-image-287\" src=\"http:\/\/queyracines.org\/wp-content\/uploads\/2020\/01\/SEHA-19-Verso-192x300.jpg\" alt=\"\" width=\"192\" height=\"300\" srcset=\"https:\/\/queyracines.org\/wp-content\/uploads\/2020\/01\/SEHA-19-Verso-192x300.jpg 192w, https:\/\/queyracines.org\/wp-content\/uploads\/2020\/01\/SEHA-19-Verso-768x1198.jpg 768w, https:\/\/queyracines.org\/wp-content\/uploads\/2020\/01\/SEHA-19-Verso-657x1024.jpg 657w, https:\/\/queyracines.org\/wp-content\/uploads\/2020\/01\/SEHA-19-Verso.jpg 1210w\" sizes=\"(max-width: 192px) 100vw, 192px\" \/><\/p>\n<p>&nbsp;<\/p>\n<p style=\"text-align: center;\"><strong>Bulletin 2018\u00a0<\/strong><\/p>\n<p><img loading=\"lazy\" class=\"aligncenter size-medium wp-image-187\" src=\"http:\/\/queyracines.org\/wp-content\/uploads\/2018\/11\/SEHA-180001-194x300.jpg\" alt=\"\" width=\"194\" height=\"300\" srcset=\"https:\/\/queyracines.org\/wp-content\/uploads\/2018\/11\/SEHA-180001-194x300.jpg 194w, https:\/\/queyracines.org\/wp-content\/uploads\/2018\/11\/SEHA-180001-768x1189.jpg 768w, https:\/\/queyracines.org\/wp-content\/uploads\/2018\/11\/SEHA-180001-661x1024.jpg 661w, https:\/\/queyracines.org\/wp-content\/uploads\/2018\/11\/SEHA-180001.jpg 1209w\" sizes=\"(max-width: 194px) 100vw, 194px\" \/><\/p>\n<p>&nbsp;<\/p>\n<p style=\"text-align: center;\"><strong>Bulletin de 2017<\/strong><\/p>\n<p><img loading=\"lazy\" class=\"aligncenter size-medium wp-image-145\" src=\"http:\/\/queyracines.org\/wp-content\/uploads\/2018\/08\/SEHA-20170001-196x300.jpg\" alt=\"\" width=\"196\" height=\"300\" srcset=\"https:\/\/queyracines.org\/wp-content\/uploads\/2018\/08\/SEHA-20170001-196x300.jpg 196w, https:\/\/queyracines.org\/wp-content\/uploads\/2018\/08\/SEHA-20170001-768x1178.jpg 768w, https:\/\/queyracines.org\/wp-content\/uploads\/2018\/08\/SEHA-20170001-668x1024.jpg 668w, https:\/\/queyracines.org\/wp-content\/uploads\/2018\/08\/SEHA-20170001.jpg 1249w\" sizes=\"(max-width: 196px) 100vw, 196px\" \/><\/p>\n<p>&nbsp;<\/p>\n<p style=\"text-align: center;\"><strong>F\u00e9d\u00e9ration Historique de Provence<\/strong><\/p>\n<p>Quey&rsquo;racines est membre de la F\u00e9d\u00e9ration Historique de Provence. En octobre 2017, l&rsquo;association a particip\u00e9 au Forum des Soci\u00e9t\u00e9s Savantes et du Patrimoine organis\u00e9 \u00e0 Barcellonnette.<\/p>\n<p>&nbsp;<\/p>\n<p>&nbsp;<\/p>\n<p style=\"text-align: center;\"><strong>Comit\u00e9 des Travaux Historique et Scientifiques<\/strong><\/p>\n<p style=\"text-align: left;\">Quey&rsquo;racines est reconnue par le CTHS, fond\u00e9 par Guizot, comme une soci\u00e9t\u00e9 savante. Un contributeur l&rsquo;a repr\u00e9sent\u00e9e en avril 2017 au 142e Congr\u00e8s annuel organis\u00e9 \u00e0 Pau pendant quatre jours et traitant des \u00ab\u00a0Circulations montagnardes\u00a0\u00bb et en avril 2018 au 143e Congr\u00e8s de Paris traitant de la \u00ab\u00a0Transmission des Savoirs\u00a0\u00bb.<\/p>\n<p>Le 145e Congr\u00e8s a lieu \u00e0 Nantes du 4 au 7 mai 2021. Il a pour sujet \u00ab\u00a0Collecter, collectionner, conserver\u00a0\u00bb. Un adh\u00e9rent de Quey&rsquo;racines va prononcer une communication sur les collections d&rsquo;objets queyrassins conserv\u00e9s dans divers mus\u00e9es (Gap, Grenoble, Gen\u00e8ve et MNATP).<\/p>\n<p>&nbsp;<\/p>\n<p><img loading=\"lazy\" class=\"aligncenter size-medium wp-image-146\" src=\"http:\/\/queyracines.org\/wp-content\/uploads\/2018\/08\/Transmission0001-218x300.jpg\" alt=\"\" width=\"218\" height=\"300\" srcset=\"https:\/\/queyracines.org\/wp-content\/uploads\/2018\/08\/Transmission0001-218x300.jpg 218w, https:\/\/queyracines.org\/wp-content\/uploads\/2018\/08\/Transmission0001-768x1058.jpg 768w, https:\/\/queyracines.org\/wp-content\/uploads\/2018\/08\/Transmission0001-743x1024.jpg 743w, https:\/\/queyracines.org\/wp-content\/uploads\/2018\/08\/Transmission0001.jpg 1685w\" sizes=\"(max-width: 218px) 100vw, 218px\" \/><\/p>\n<p style=\"text-align: left;\">\n","protected":false},"excerpt":{"rendered":"<p>2025 Soci\u00e9t\u00e9 d&rsquo;Etudes Hautes-Alpes Le Bulletin 2025 a paru. 25 \u20ac \u00e0 la SEHA, 23 rue Carnot, 05000 Gap.\u00a0 &nbsp; Traitant des villages&#8230;<\/p>\n","protected":false},"author":1,"featured_media":0,"parent":0,"menu_order":0,"comment_status":"closed","ping_status":"closed","template":"","meta":[],"_links":{"self":[{"href":"https:\/\/queyracines.org\/index.php\/wp-json\/wp\/v2\/pages\/144"}],"collection":[{"href":"https:\/\/queyracines.org\/index.php\/wp-json\/wp\/v2\/pages"}],"about":[{"href":"https:\/\/queyracines.org\/index.php\/wp-json\/wp\/v2\/types\/page"}],"author":[{"embeddable":true,"href":"https:\/\/queyracines.org\/index.php\/wp-json\/wp\/v2\/users\/1"}],"replies":[{"embeddable":true,"href":"https:\/\/queyracines.org\/index.php\/wp-json\/wp\/v2\/comments?post=144"}],"version-history":[{"count":18,"href":"https:\/\/queyracines.org\/index.php\/wp-json\/wp\/v2\/pages\/144\/revisions"}],"predecessor-version":[{"id":571,"href":"https:\/\/queyracines.org\/index.php\/wp-json\/wp\/v2\/pages\/144\/revisions\/571"}],"wp:attachment":[{"href":"https:\/\/queyracines.org\/index.php\/wp-json\/wp\/v2\/media?parent=144"}],"curies":[{"name":"wp","href":"https:\/\/api.w.org\/{rel}","templated":true}]}}