{"id":2,"date":"2018-08-24T16:22:24","date_gmt":"2018-08-24T14:22:24","guid":{"rendered":"http:\/\/queyracines.org\/?page_id=2"},"modified":"2025-09-05T10:00:24","modified_gmt":"2025-09-05T08:00:24","slug":"page-d-exemple","status":"publish","type":"page","link":"https:\/\/queyracines.org\/","title":{"rendered":"Quey&rsquo;racines"},"content":{"rendered":"<h1 style=\"text-align: center;\">Et\u00e9 2025<\/h1>\n<p><em>Dans l&rsquo;ancienne \u00e9cole de Brunissard, venez d\u00e9couvrir une classe d\u2019autrefois avec ses vieux<\/em><em>\u00a0bancs en bois, son po\u00eale, ses livres et cahiers anciens \u2026 Venez retrouver les joies de l\u2019\u00e9criture avec la fameuse plume Sergent-Major, les souvenirs de l\u2019encre violette et des buvards, l&rsquo;odeur de la craie\u00a0!<\/em><\/p>\n<p><em>Et, si vous le souhaitez, vous pourrez revoir l&rsquo;accord du participe pass\u00e9 et r\u00e9soudre quelques probl\u00e8mes d&rsquo;antan.<\/em><\/p>\n<p style=\"text-align: center;\"><strong>Visite comment\u00e9e\u00a0: l&rsquo;histoire de l&rsquo;instruction dans le Queyras<\/strong><\/p>\n<h1 style=\"text-align: center;\"><img loading=\"lazy\" class=\"size-medium wp-image-577 alignright\" src=\"http:\/\/queyracines.org\/wp-content\/uploads\/2025\/07\/salle_classe-300x235.png\" alt=\"\" width=\"300\" height=\"235\" srcset=\"https:\/\/queyracines.org\/wp-content\/uploads\/2025\/07\/salle_classe-300x235.png 300w, https:\/\/queyracines.org\/wp-content\/uploads\/2025\/07\/salle_classe.png 453w\" sizes=\"(max-width: 300px) 100vw, 300px\" \/><\/h1>\n<p style=\"text-align: left;\"><strong>\u00ab L\u2019\u00e9cole d\u2019autrefois \u00bb, g\u00e9r\u00e9e par <em>Quey&rsquo;racines, <\/em>est ouverte <\/strong><strong>en juillet et ao\u00fbt :<\/strong><\/p>\n<ul>\n<li><strong>le mardi de 16h \u00e0 18h (visite comment\u00e9e \u00e0 16h15)<\/strong><\/li>\n<li><strong>\u00a0le vendredi de 10h \u00e0 12h (visite comment\u00e9e \u00e0 10h15)<\/strong><\/li>\n<li style=\"list-style-type: none;\"><\/li>\n<\/ul>\n<p><strong>Entr\u00e9e 3 \u20ac\u00a0\u00a0\u2013\u00a0\u00a0gratuit jusqu&rsquo;\u00e0 16 ans<\/strong><\/p>\n<p><strong>Inscription recommand\u00e9e\u00a0: 06 03 02 47 29\u00a0\u00a0ou\u00a0\u00a006 07 29 89 68<\/strong><\/p>\n<p>&nbsp;<\/p>\n<h1 style=\"text-align: center;\">Juillet 2025<\/h1>\n<p>Le bulletin n\u00b0 37 de juin 2025 est consacr\u00e9 \u00e0 Jean Tivollier. Il a \u00e9t\u00e9 envoy\u00e9 aux adh\u00e9rents et il est en vente dans les d\u00e9p\u00f4ts de presse. Vous y trouverez aussi le bulletin n\u00b0 36.<\/p>\n<p>&nbsp;<\/p>\n<p>Le bulletin n\u00b036 de d\u00e9cembre 2024 est sorti d\u00e9but janvier et a \u00e9t\u00e9 envoy\u00e9 par courrier \u00e0 tous les adh\u00e9rents \u00e0 jour de cotisation. Vous pouvez le trouver :<\/p>\n<ul>\n<li>Aiguilles \u00e0 la biblioth\u00e8que<\/li>\n<li>Abri\u00e8s-Ristolas au Bric Bazar<\/li>\n<li>Arvieux au Proxi<\/li>\n<li>Arvieux aux \u00ab\u00a0Jouets du Queyras\u00a0\u00bb &#8211; l&rsquo;Alpin chez lui<\/li>\n<li>Ch\u00e2teau-Ville-Vieille \u00e0 l&rsquo;accueil de Fort Queyras<\/li>\n<li>Molines au Proxi<\/li>\n<\/ul>\n<p>Pour adh\u00e9rer, le bulletin c&rsquo;est par l\u00e0 <a href=\"http:\/\/queyracines.org\/wp-content\/uploads\/2025\/01\/adhesion_Queyracines_annee-2025.pdf\">http:\/\/queyracines.org\/wp-content\/uploads\/2025\/01\/adhesion_Queyracines_annee-2025.pdf<\/a> et l&rsquo;adh\u00e9sion via Helloasso, c&rsquo;est par ici <a href=\"https:\/\/www.helloasso.com\/associations\/quey-racines\/adhesions\/cotisations-2025-quey-racines\">https:\/\/www.helloasso.com\/associations\/quey-racines\/adhesions\/cotisations-2025-quey-racines<\/a><\/p>\n<p>&nbsp;<\/p>\n<p>&nbsp;<\/p>\n<h1 style=\"text-align: center;\"><strong>V\u0153ux du CA et de la Pr\u00e9sidente de Quey\u2019racines<\/strong><\/h1>\n<p>Chers Adh\u00e9rents, chers Amis,<\/p>\n<p>Au nom du Conseil d\u2019administration de notre association, je vous adresse nos meilleurs v\u0153ux de sant\u00e9 et de bonheur. Que cette nouvelle ann\u00e9e nous apporte \u00e0 nous tous \u00e9galement la s\u00e9r\u00e9nit\u00e9 n\u00e9cessaire au quotidien dans nos activit\u00e9s personnelles et professionnelles pour r\u00e9aliser les projets qui nous tiennent \u00e0 c\u0153ur.<\/p>\n<p>Votre engagement \u00e0 nos c\u00f4t\u00e9s en tant qu\u2019adh\u00e9rents est pr\u00e9cieux : il permet \u00e0 notre association de continuer son travail de d\u00e9couverte et d\u2019information sur notre belle r\u00e9gion, dont l\u2019histoire m\u00e9rite d\u2019\u00eatre valoris\u00e9e sous ses multiples facettes.<\/p>\n<p>Nous esp\u00e9rons vous retrouver nombreux lors de nos activit\u00e9s de l\u2019\u00e9t\u00e9, notamment autour de L\u2019\u00e9cole d\u2019autrefois et, bien s\u00fbr, pour la f\u00eate de l\u2019association et l\u2019AG (dont la date vous sera communiqu\u00e9e au printemps).<\/p>\n<p>Amicalement<\/p>\n<h1 style=\"text-align: center;\">Activit\u00e9s de l&rsquo;\u00e9t\u00e9 2024<\/h1>\n<p>Le Conseil d&rsquo;Administration de Quey&rsquo;racines r\u00e9uni le samedi 13 juillet 2024 \u00e0 Ville-Vieille a d\u00e9cid\u00e9 ce qui suit.<\/p>\n<p><strong>Bulletin :\u00a0<\/strong>Le Bulletin n\u00b0 35, 24 pages, a \u00e9t\u00e9 envoy\u00e9 aux adh\u00e9rents et d\u00e9pos\u00e9 chez les marchands de journaux de la vall\u00e9e.<\/p>\n<p><strong>L&rsquo;Ecole d&rsquo;Autrefois ou Mus\u00e9e de l&rsquo;Ecole :<br \/>\n<\/strong>Le Mus\u00e9e de l&rsquo;Ecole de Brunissard (commune d&rsquo;Arvieux) est ouvert aux jours et heures habituels. Il peut \u00eatre visit\u00e9.\u00a0 Visites individuelles ou de groupes.<\/p>\n<p><strong>Festival du Livre de montagne :<br \/>\n<\/strong>Le Festival du Livre a lieu \u00e0 Aiguilles, comme tous les ans, le samedi 20 juillet \u00e0 partir de 14 heures et le dimanche matin.<br \/>\nQuey&rsquo;racines y tiendra un stand et il vous sera fait bon accueil.<\/p>\n<p><strong>F\u00eate de Quey&rsquo;racines :<br \/>\n<\/strong>La f\u00eate annuelle de Quey&rsquo;racines a lieu cette ann\u00e9e \u00e0 Souliers, le lundi 5 ao\u00fbt 2024.<\/p>\n<p>Voici le programme :<\/p>\n<ul>\n<li>10 heures, rendez-vous au Clot-du-Rif, juste avant le hameau de Souliers : maison natale de Guillaume Ferrus (1784), m\u00e9tairie Maritan, restes de l&rsquo;usine de traitement de l&rsquo;amiante de P\u00e9as et t\u00e9l\u00e9ph\u00e9rique.<\/li>\n<li>11 heures, visite du hameau de Souliers et de son patrimoine.<\/li>\n<li>Midi et demi, ap\u00e9ritif offert par l&rsquo;association aux bords du Lac de Roue, puis repas \u00ab\u00a0tir\u00e9 du sac\u00a0\u00bb.<\/li>\n<li>14 heures, le camp dit \u00ab\u00a0de Catinat\u00a0\u00bb : emplacement et histoire.<\/li>\n<li>La journ\u00e9e se terminera par l&rsquo;Assembl\u00e9e G\u00e9n\u00e9rale qui aura lieu \u00e0 partir de 16 heures 30 dans une salle de la Maison du Parc \u00e0 Arvieux. Les adh\u00e9rents recevront une convocation.<\/li>\n<\/ul>\n<p><strong>Conf\u00e9rences :<\/strong><\/p>\n<ul>\n<li>Le mercredi 7 ao\u00fbt, 17 h 30, \u00e0 Aiguilles : le Monument aux Morts du Queyras \u00e0 l&rsquo;Ange Gardien inaugur\u00e9 en ao\u00fbt 1926 et les autres monuments communaux<\/li>\n<li>Le jeudi 8 ao\u00fbt, 20 h 30, \u00e0 Molines, les Transitons<\/li>\n<li>Le mardi 13 ao\u00fbt, 17 h 30, Temple de Saint-V\u00e9ran, les \u00ab\u00a0mythes\u00a0\u00bb de l&rsquo;histoire du Queyras.<\/li>\n<\/ul>\n<p>&nbsp;<\/p>\n<h1 style=\"text-align: center;\">Activit\u00e9s de l&rsquo;\u00e9t\u00e9 2023<\/h1>\n<p>&nbsp;<\/p>\n<p><strong>Le CA de Quey&rsquo;racines, r\u00e9uni le 9 juillet 2023 \u00e0 Ville-Vieille, a d\u00e9cid\u00e9 ce qui suit. <\/strong><\/p>\n<p>&nbsp;<\/p>\n<p><strong>Bulletin<\/strong><\/p>\n<p><strong>Le bulletin n\u00b0 33 a \u00e9t\u00e9 publi\u00e9 et envoy\u00e9 aux adh\u00e9rents \u00e0 jour de leur cotisation. Il est mis en vente dans les d\u00e9p\u00f4ts de presse du Queyras.\u00a0<\/strong><\/p>\n<p>&nbsp;<\/p>\n<p><strong>Mus\u00e9e de l&rsquo;Ecole <\/strong><\/p>\n<p><strong>Les visites de l&rsquo;Ecole d&rsquo;autrefois (ou Mus\u00e9e de l&rsquo;\u00e9cole) \u00e0 Brunissard ont repris aux jours et heures habituels. <\/strong><\/p>\n<p>&nbsp;<\/p>\n<p><strong>22 et 23 juillet, Aiguilles, Festival du Livre de montagne<\/strong><\/p>\n<p><strong>Il a lieu le samedi 22 juillet, \u00e0 partir de 14 heures, et le dimanche 23, \u00e0 partir de 9 heures. L&rsquo;association y aura un stand comme tous les ans depuis une dizaine d&rsquo;ann\u00e9es. Vous pourrez y trouver des exemplaires du Bulletin et d&rsquo;autres publications. <\/strong><\/p>\n<p>&nbsp;<\/p>\n<p><strong>1er ao\u00fbt. Certificat de fin d&rsquo;Etudes primaires <\/strong><\/p>\n<p><strong>Des \u00e9preuves du Certificat de Fin d&rsquo;Etudes Primaires auront lieu \u00e0 Abri\u00e8s le mardi 1er ao\u00fbt \u00e0 9 heures dans la salle municipale. Venez nombreux. La matin\u00e9e sera conviviale. <\/strong><\/p>\n<p>&nbsp;<\/p>\n<p><strong>7 ao\u00fbt. F\u00eate annuelle de Quey&rsquo;racines <\/strong><\/p>\n<p><strong>La f\u00eate de l&rsquo;association a \u00e9t\u00e9 fix\u00e9e le lundi 7 ao\u00fbt au Sommet Bucher \u00e0 partir de 10 heures. On y acc\u00e8de par la route qui part de Ch\u00e2teau-Queyras. Comptez \u00e0 peu pr\u00e8s une demi-heure de voiture entre Ch\u00e2teau-Queyras et le Sommet Bucher.\u00a0<\/strong><\/p>\n<p><strong>&#8211; De 10 heures \u00e0 midi et demi, pr\u00e9sentation de ce lieu historique : origine du nom, int\u00e9r\u00eat militaire, construction de la route \u00ab\u00a0strat\u00e9gique\u00a0\u00bb par le G\u00e9nie militaire entre 1890 et 1892 ; int\u00e9r\u00eat sportif et touristique ; pose en 1922 par le Touring-Club de France, le Club Alpin Fran\u00e7ais et le Syndicat d&rsquo;Initiative du Queyras de la table d&rsquo;orientation con\u00e7ue par le polytechnicien et g\u00e9od\u00e9sien Helbronner ; f\u00eate alpestre en ao\u00fbt 1922 pour l&rsquo;inauguration de la table : discours, pr\u00e9sence du pr\u00e9fet, pr\u00e8s de mille personnes, documentaire&#8230; <\/strong><\/p>\n<p><strong>&#8211; De midi et demi, ap\u00e9ritif offert par Quey&rsquo;racines et repas tir\u00e9 du sac\u00a0<\/strong><\/p>\n<p><strong>&#8211; De 2 heures \u00e0 3 h et demie, promenades au Sommet Bucher et jusqu&rsquo;\u00e0 la chapelle Saint-Simon pour les bons marcheurs <\/strong><\/p>\n<p>&nbsp;<\/p>\n<p><strong>7 ao\u00fbt, AG <\/strong><\/p>\n<p><strong>A 16 heures, Assembl\u00e9e G\u00e9n\u00e9rale de l&rsquo;association \u00e0 l&rsquo;ancienne \u00e9cole de Ville-Vieille<\/strong><\/p>\n<p><strong>La f\u00eate de Quey&rsquo;racines est ouverte \u00e0 tous ; l&rsquo;AG r\u00e9serv\u00e9e aux adh\u00e9rents. Une convocation leur a \u00e9t\u00e9 adress\u00e9e. <\/strong><\/p>\n<p>&nbsp;<\/p>\n<p><strong>10 ao\u00fbt. Aiguilles, conf\u00e9rence <\/strong><\/p>\n<p><strong>Jeudi 10 ao\u00fbt, \u00e0 17 h 30, salle polyvalente, conf\u00e9rence avec diaporama sur le mus\u00e9e d&rsquo;Aiguilles, Le Vieux Queyras (1920-1981), et la dispersion des objets sculpt\u00e9s dans quatre mus\u00e9es : Mus\u00e9e de Gap, Mus\u00e9e Dauphinois, Mus\u00e9e ethnographique de Gen\u00e8ve et Mus\u00e9e National des Arts et Traditions Populaires (Paris, puis MUCEM de Marseille)&#8230;.<\/strong><\/p>\n<p>&nbsp;<\/p>\n<p><strong>Bon \u00e9t\u00e9 \u00e0 tous <\/strong><\/p>\n<p><strong>\u00a0 \u00a0 <\/strong><\/p>\n<p>&nbsp;<\/p>\n<p style=\"text-align: center;\"><strong>Activit\u00e9s de l&rsquo;ann\u00e9e 2022<\/strong><\/p>\n<p>Chers amis,<\/p>\n<p>Le CA de Quey&rsquo;racines a d\u00e9cid\u00e9 ce qui suit.<\/p>\n<p>Le n\u00b0 31 du bulletin est pr\u00eat. Il devrait \u00eatre publi\u00e9 dans le courant du mois de juin et les adh\u00e9rents \u00e0 jour de leur cotisation le recevoir d\u00e8s que l&rsquo;imprimeur nous en aura envoy\u00e9 les exemplaires.<\/p>\n<p>Les visites du Mus\u00e9e l&rsquo;Ecole d&rsquo;Autrefois \u00e0 Brunissard vont reprendre apr\u00e8s la premi\u00e8re semaine de juillet, aux jours et aux horaires habituels.<\/p>\n<p>Quey&rsquo;racines tiendra un stand au Festival du Livre d&rsquo;Aiguilles, le samedi 23 juillet, de 14 h \u00e0 19 h, et le dimanche 24 juillet, de 9 h 30 \u00e0 12 heures. Vous pourrez y rencontrer quelques-uns des responsables de l&rsquo;association.<\/p>\n<p>Les \u00e9preuves du Certificat de Fin d&rsquo;Etudes Primaires auront lieu cette ann\u00e9e \u00e0 Aiguilles, salle du Foyer rural, de 10 heures \u00e0 midi, le mardi 26 juillet, pour l&rsquo;\u00e9preuve de fran\u00e7ais (dict\u00e9e et questions), et le mercredi 27 juillet (pour l&rsquo;\u00e9preuve de calcul). Corrections et remise des dipl\u00f4mes \u00e0 la fin des \u00e9preuves&#8230;<\/p>\n<p>La f\u00eate de Quey&rsquo;racines aura lieu \u00e0 Aiguilles le mardi 2 ao\u00fbt : th\u00e8me, la Belle Epoque \u00e0 Aiguilles (1890-1920)<\/p>\n<ul>\n<li>de 10 h \u00e0 midi : les villas Belle Epoque<\/li>\n<li>de midi \u00e0 2 heures : repas tir\u00e9 du sac<\/li>\n<li>de 2 heures \u00e0 4 heures, foyer d&rsquo;Aiguilles, diaporama sur la Belle Epoque \u00e0 Aiguilles : pr\u00e8s de 200 photos d&rsquo;Anita Jouve (1898-1920) seront projet\u00e9es&#8230;<\/li>\n<li>de 4 heures \u00e0 6 heures, assembl\u00e9e g\u00e9n\u00e9rale des membres de Quey&rsquo;racines.<\/li>\n<li>La f\u00eate, de 10 heures \u00e0 16 heures, est ouverte \u00e0 tous.<\/li>\n<\/ul>\n<p>&nbsp;<\/p>\n<p>Conf\u00e9rence, mercredi 3 ao\u00fbt, 18 heures, \u00e0 Ceillac, sur Marius Fournier (1871-1948), cur\u00e9 et po\u00e8te, auteur de l&rsquo;Hymne du Queyras&#8230;<\/p>\n<p>&nbsp;<\/p>\n<p>Nous serions heureux de vous rencontrer tous lors de ces moments consacr\u00e9s au savoir et \u00e0 la m\u00e9moire.<\/p>\n<p>&nbsp;<\/p>\n<p>Amiti\u00e9s<\/p>\n<p>&nbsp;<\/p>\n<p>&nbsp;<\/p>\n<p style=\"text-align: center;\"><strong>Voeux du CA et de la Pr\u00e9sidente de Quey&rsquo;racines <\/strong><\/p>\n<p>&nbsp;<\/p>\n<p>Chers Adh\u00e9rents, chers Amis,<\/p>\n<p>Au nom du Conseil d&rsquo;administration de notre association, je vous adresse nos meilleurs v\u0153ux de sant\u00e9 et de bonheur. Que cette nouvelle ann\u00e9e nous apporte \u00e0 nous tous \u00e9galement la s\u00e9r\u00e9nit\u00e9 n\u00e9cessaire au quotidien dans nos activit\u00e9s personnelles et professionnelles pour r\u00e9aliser les projets qui nous tiennent \u00e0 c\u0153ur.<\/p>\n<p>Votre engagement \u00e0 nos c\u00f4t\u00e9s en tant qu&rsquo;adh\u00e9rents est pr\u00e9cieux : il permet \u00e0 notre association de continuer son travail de d\u00e9couverte et d&rsquo;information sur notre belle r\u00e9gion, dont l&rsquo;histoire m\u00e9rite d&rsquo;\u00eatre valoris\u00e9e sous ses multiples facettes.<\/p>\n<p>Nous esp\u00e9rons vous retrouver nombreux lors de nos activit\u00e9s de l&rsquo;\u00e9t\u00e9, notamment autour de L&rsquo;\u00e9cole d&rsquo;autrefois et, bien s\u00fbr, pour la f\u00eate de l&rsquo;association et l&rsquo;AG (dont la date vous sera communiqu\u00e9e<br \/>\nau printemps).<\/p>\n<p>Amicalement<\/p>\n<p>&nbsp;<\/p>\n<p><a href=\"http:\/\/queyracines.org\/wp-content\/uploads\/2022\/01\/voeux_Queyracines_2022-1.pdf\">voeux Queyracines 2022<\/a><\/p>\n<p>&nbsp;<\/p>\n<p>&nbsp;<\/p>\n<p>&nbsp;<\/p>\n<p style=\"text-align: center;\"><strong>Qui sommes-nous\u00a0?<\/strong><\/p>\n<p><em>Quey\u2019racines<\/em>, Association pour la sauvegarde du patrimoine \u00e9crit et oral du Queyras, cr\u00e9\u00e9e en 2006, accueille toutes les personnes passionn\u00e9es par l\u2019histoire du Queyras, \u00e0 la recherche de traces d\u2019un pass\u00e9 plus ou moins lointain et soucieuses de prot\u00e9ger la m\u00e9moire de la vall\u00e9e.<\/p>\n<p>L\u2019objectif commun est de rassembler, conserver et diffuser tous les documents, \u00e9crits (livres, cahiers, lettres, documents d\u2019archives etc.), iconographiques (anciennes photos\u2026) et sonores (\u00ab\u00a0patois\u00a0\u00bb\u2026), ainsi que de fixer le savoir des Queyrassins \u00e0 travers leur m\u00e9moire orale.<\/p>\n<ul>\n<li>Les deux bulletins annuels informent sur ce pass\u00e9 riche et exceptionnel.<\/li>\n<li>Avec la r\u00e9habilitation de l\u2019\u00e9cole de Brunissard, inaugur\u00e9e en 1898, une salle de classe ancienne est reconstitu\u00e9e. Elle contient de nombreux documents illustrant la r\u00e9alit\u00e9 de l\u2019enseignement dans le Queyras depuis le XIX<sup>e<\/sup> si\u00e8cle.<\/li>\n<\/ul>\n<p>Les recherches sur le pass\u00e9 permettent de mieux comprendre l&rsquo;\u00e9volution de la vall\u00e9e.<\/p>\n<p><img loading=\"lazy\" class=\"aligncenter size-full wp-image-101\" src=\"http:\/\/queyracines.org\/wp-content\/uploads\/2018\/08\/cid_31CB0870-1EC2-47B2-A5FD-49850A8B2B0D@home.png\" alt=\"\" width=\"216\" height=\"272\" \/><\/p>\n<p style=\"text-align: center;\">L&rsquo;arbre de la connaissance (dessin de R\u00e9mi Potey)<\/p>\n<p>&nbsp;<\/p>\n<p style=\"text-align: center;\"><strong>Bref historique<\/strong><\/p>\n<p>L&rsquo;association Quey&rsquo;racines a \u00e9t\u00e9 fond\u00e9e en ao\u00fbt 2006 sous l&rsquo;impulsion de Pierre Blanc,\u00a0 maire d&rsquo;Arvieux alors, d&rsquo;Odile Thomas, de sa fille Marianne, de Fran\u00e7oise Tchobanian (d\u00e9c\u00e9d\u00e9e trois ans plus tard) et de Gis\u00e8le Borel.\u00a0 Le si\u00e8ge est dans l&rsquo;ancienne \u00e9cole de Brunissard, commune d&rsquo;Arvieux-en-Queyras, dont le rez-de-chauss\u00e9e a \u00e9t\u00e9 transform\u00e9 en mus\u00e9e de l&rsquo;\u00e9cole.<\/p>\n<p><img loading=\"lazy\" class=\"alignnone size-medium wp-image-5 aligncenter\" src=\"http:\/\/queyracines.org\/wp-content\/uploads\/2018\/08\/ancienne-ecole-brunissard-arvieux-01-300x200.jpg\" alt=\"\" width=\"300\" height=\"200\" srcset=\"https:\/\/queyracines.org\/wp-content\/uploads\/2018\/08\/ancienne-ecole-brunissard-arvieux-01-300x200.jpg 300w, https:\/\/queyracines.org\/wp-content\/uploads\/2018\/08\/ancienne-ecole-brunissard-arvieux-01-768x512.jpg 768w, https:\/\/queyracines.org\/wp-content\/uploads\/2018\/08\/ancienne-ecole-brunissard-arvieux-01.jpg 800w\" sizes=\"(max-width: 300px) 100vw, 300px\" \/><\/p>\n<p>L&rsquo;un des buts de Quey&rsquo;racines a \u00e9t\u00e9 la cr\u00e9ation d&rsquo;une Maison de la M\u00e9moire et du Savoir. La M\u00e9moire, c&rsquo;est le mus\u00e9e de l&rsquo;\u00e9cole, dit \u00ab\u00a0Ecole d&rsquo;autrefois\u00a0\u00bb ; le Savoir, c&rsquo;est une importante documentation r\u00e9unie depuis plus de dix ans et la publication chaque ann\u00e9e de deux livraisons de 24 pages du bulletin <em>Quey&rsquo;racines<\/em>\u00a0 : un n\u00b0 en mai et un n\u00b0 en novembre.<\/p>\n<p><img loading=\"lazy\" class=\"alignnone size-medium wp-image-6 aligncenter\" src=\"http:\/\/queyracines.org\/wp-content\/uploads\/2018\/08\/Queyracines-n\u00b0-24-214x300.jpg\" alt=\"\" width=\"214\" height=\"300\" srcset=\"https:\/\/queyracines.org\/wp-content\/uploads\/2018\/08\/Queyracines-n\u00b0-24-214x300.jpg 214w, https:\/\/queyracines.org\/wp-content\/uploads\/2018\/08\/Queyracines-n\u00b0-24-768x1079.jpg 768w, https:\/\/queyracines.org\/wp-content\/uploads\/2018\/08\/Queyracines-n\u00b0-24-729x1024.jpg 729w, https:\/\/queyracines.org\/wp-content\/uploads\/2018\/08\/Queyracines-n\u00b0-24.jpg 1659w\" sizes=\"(max-width: 214px) 100vw, 214px\" \/><\/p>\n<p style=\"text-align: center;\"><strong>Organisation<\/strong><\/p>\n<p>Bureau de l&rsquo;association : Martine Dalmas (pr\u00e9sidente); Jean-G\u00e9rard Lapacherie (vice-pr\u00e9sident); Christian Fouque (tr\u00e9sorier); Maguy Descombes (secr\u00e9taire)<\/p>\n<p>Sont membres du Conseil d&rsquo;Administration, outre les membres du Bureau : Marie-No\u00eblle Berge, Magali Bourgue, Mario Falchi, C\u00e9line Freyss, Pierre Blanc.<\/p>\n<p>&nbsp;<\/p>\n<p>&nbsp;<\/p>\n<p><a href=\"http:\/\/queyracines.org\/wp-content\/uploads\/2019\/09\/PV-de-lAG-du-12-ao\u00fbt-2019.pdf\">PV de l&rsquo;AG du 12 ao\u00fbt 2019<\/a><\/p>\n<p><a href=\"http:\/\/queyracines.org\/wp-content\/uploads\/2018\/09\/Queyracines_CR_AG_7_08_2018.pdf\">Queyracines_CR_AG_7_08_2018<\/a><\/p>\n<p>&nbsp;<\/p>\n<p style=\"text-align: center;\"><strong>Ressources<\/strong><\/p>\n<p>Les ressources de l&rsquo;association sont constitu\u00e9es par les adh\u00e9sions (25 \u20ac par an, 35 \u20ac pour les couples), la vente des bulletins (5 \u20ac le n\u00b0) et les entr\u00e9es au mus\u00e9e de l&rsquo;\u00e9cole (3 \u20ac par personne).<\/p>\n<p style=\"text-align: center;\"><strong>Contacts<\/strong><\/p>\n<p>par courrier : Quey&rsquo;racines, Maison Dalmas, La Chalp, 05350 Arvieux<\/p>\n","protected":false},"excerpt":{"rendered":"<p>Et\u00e9 2025 Dans l&rsquo;ancienne \u00e9cole de Brunissard, venez d\u00e9couvrir une classe d\u2019autrefois avec ses vieux\u00a0bancs en bois, son po\u00eale, ses livres et cahiers&#8230;<\/p>\n","protected":false},"author":1,"featured_media":0,"parent":0,"menu_order":0,"comment_status":"closed","ping_status":"open","template":"","meta":[],"_links":{"self":[{"href":"https:\/\/queyracines.org\/index.php\/wp-json\/wp\/v2\/pages\/2"}],"collection":[{"href":"https:\/\/queyracines.org\/index.php\/wp-json\/wp\/v2\/pages"}],"about":[{"href":"https:\/\/queyracines.org\/index.php\/wp-json\/wp\/v2\/types\/page"}],"author":[{"embeddable":true,"href":"https:\/\/queyracines.org\/index.php\/wp-json\/wp\/v2\/users\/1"}],"replies":[{"embeddable":true,"href":"https:\/\/queyracines.org\/index.php\/wp-json\/wp\/v2\/comments?post=2"}],"version-history":[{"count":45,"href":"https:\/\/queyracines.org\/index.php\/wp-json\/wp\/v2\/pages\/2\/revisions"}],"predecessor-version":[{"id":584,"href":"https:\/\/queyracines.org\/index.php\/wp-json\/wp\/v2\/pages\/2\/revisions\/584"}],"wp:attachment":[{"href":"https:\/\/queyracines.org\/index.php\/wp-json\/wp\/v2\/media?parent=2"}],"curies":[{"name":"wp","href":"https:\/\/api.w.org\/{rel}","templated":true}]}}