{"id":24,"date":"2018-08-25T13:53:31","date_gmt":"2018-08-25T11:53:31","guid":{"rendered":"http:\/\/queyracines.org\/?page_id=24"},"modified":"2025-08-07T17:36:48","modified_gmt":"2025-08-07T15:36:48","slug":"fete-annuelle","status":"publish","type":"page","link":"https:\/\/queyracines.org\/index.php\/fete-annuelle\/","title":{"rendered":"F\u00eate annuelle"},"content":{"rendered":"<p style=\"text-align: center;\"><strong>2025<\/strong><\/p>\r\n<p>La f\u00eate annuelle de notre association aura lieu le 8 ao\u00fbt prochain, \u00e0 Pierre-Grosse, sur le th\u00e8me de l\u2019eau.\u00a0<\/p>\r\n<p>Nous vous donnons rendez-vous \u00e0 10 h devant la salle municipale \u00ab Les Myosotis \u00bb o\u00f9 il est possible de se garer. Nous ferons ensuite la visite comment\u00e9e du village, en commen\u00e7ant par le r\u00e9partiteur d\u2019eau potable de Pierre-Grosse. L\u2019ap\u00e9ritif et le pique-nique seront offerts cette ann\u00e9e par l\u2019association, \u00e0 12 h, dans la salle des Myosotis. Apr\u00e8s le repas, vers 13h30, nous nous rendrons en voiture au Pont de Lariane o\u00f9 nous aurons des explications sur les captages de l\u2019eau de l\u2019Aigue Agnelle.<\/p>\r\n<p>L&rsquo;assembl\u00e9e g\u00e9n\u00e9rale de notre association Quey\u2019racines se tiendra le vendredi 8 ao\u00fbt 2025 \u00e0 Pierre-Grosse, dans la salle municipale des \u00ab Myosotis \u00bb, route du Coin, \u00e0 partir de 15 h30. Cette AG sera suivie d\u2019une AG extraordinaire \u00e0 17h30, ou \u00e0 17h45 si le quorum n\u2019est pas atteint.<\/p>\r\n<p>&nbsp;<\/p>\r\n<p style=\"text-align: center;\">*********************<\/p>\r\n<p style=\"text-align: center;\"><strong>2024<\/strong><\/p>\r\n<p>En 2024, la f\u00eate annuelle a eu lieu le lundi 5 ao\u00fbt \u00e0 Souliers :<\/p>\r\n<p>\u00e0 10 heures, le Clot-du-Rif (m\u00e9tairie Maritan, lieu de naissance de Guillaume Ferrus, le t\u00e9l\u00e9ph\u00e9rique et l&rsquo;usine d&rsquo;amiante) ;<\/p>\r\n<p>\u00e0 11 heures, sous la conduite de Marie-Jeanne et de Nicole, deux habitantes du village (qu&rsquo;elles soient remerci\u00e9es de leur obligeance), le patrimoine de Souliers (l&rsquo;origine du nom, maisons anciennes, l&rsquo;\u00e9cole, la chapelle, le cimeti\u00e8re, les \u00ab\u00a0cabanes\u00a0\u00bb du film Le Bossu, le g\u00eete d&rsquo;\u00e9tape, l&rsquo;ancien quartier incendi\u00e9) ;<\/p>\r\n<p>\u00e0 midi et demi, ap\u00e9ritif et d\u00e9jeuner tir\u00e9 du sac aux bords du lac de Roue ;<\/p>\r\n<p>\u00e0 14 heures, le le camp de Roux, dit \u00ab\u00a0camp de Catinat\u00a0\u00bb (position strat\u00e9gique d\u00e9crite par des officiers du XVIIIe si\u00e8cle, \u00e9pisodes de la guerre de la Ligue d&rsquo;Augsbourg et de la guerre de Succession d&rsquo;Espagne).\u00a0\u00a0<\/p>\r\n<p>L&rsquo;AG de l&rsquo;association s&rsquo;est tenue \u00e0 16 h 30 \u00e0 la Maison du Parc \u00e0 Arvieux.<\/p>\r\n<p>&nbsp;<\/p>\r\n<p><strong>Quelques photos de la f\u00eate. Merci \u00e0 Andr\u00e9 Bl\u00e8s.\u00a0<\/strong><\/p>\r\n<p><img loading=\"lazy\" class=\"aligncenter size-medium wp-image-536\" src=\"http:\/\/queyracines.org\/wp-content\/uploads\/2024\/08\/IMG_2035-225x300.jpg\" alt=\"\" width=\"225\" height=\"300\" srcset=\"https:\/\/queyracines.org\/wp-content\/uploads\/2024\/08\/IMG_2035-225x300.jpg 225w, https:\/\/queyracines.org\/wp-content\/uploads\/2024\/08\/IMG_2035-rotated.jpg 480w\" sizes=\"(max-width: 225px) 100vw, 225px\" \/><\/p>\r\n<p>&nbsp;<\/p>\r\n<p><img loading=\"lazy\" class=\"aligncenter size-medium wp-image-537\" src=\"http:\/\/queyracines.org\/wp-content\/uploads\/2024\/08\/IMG_2036-225x300.jpg\" alt=\"\" width=\"225\" height=\"300\" srcset=\"https:\/\/queyracines.org\/wp-content\/uploads\/2024\/08\/IMG_2036-225x300.jpg 225w, https:\/\/queyracines.org\/wp-content\/uploads\/2024\/08\/IMG_2036-rotated.jpg 480w\" sizes=\"(max-width: 225px) 100vw, 225px\" \/><\/p>\r\n<p>&nbsp;<\/p>\r\n<p><img loading=\"lazy\" class=\"aligncenter size-medium wp-image-538\" src=\"http:\/\/queyracines.org\/wp-content\/uploads\/2024\/08\/IMG_2038-300x225.jpg\" alt=\"\" width=\"300\" height=\"225\" srcset=\"https:\/\/queyracines.org\/wp-content\/uploads\/2024\/08\/IMG_2038-300x225.jpg 300w, https:\/\/queyracines.org\/wp-content\/uploads\/2024\/08\/IMG_2038.jpg 640w\" sizes=\"(max-width: 300px) 100vw, 300px\" \/><\/p>\r\n<p>&nbsp;<\/p>\r\n<p><img loading=\"lazy\" class=\"aligncenter size-medium wp-image-539\" src=\"http:\/\/queyracines.org\/wp-content\/uploads\/2024\/08\/ruines-de-lincendie-de-1946-qui-a-detruit-tout-un-quartier-de-Souliers-2-300x199.jpeg\" alt=\"\" width=\"300\" height=\"199\" srcset=\"https:\/\/queyracines.org\/wp-content\/uploads\/2024\/08\/ruines-de-lincendie-de-1946-qui-a-detruit-tout-un-quartier-de-Souliers-2-300x199.jpeg 300w, https:\/\/queyracines.org\/wp-content\/uploads\/2024\/08\/ruines-de-lincendie-de-1946-qui-a-detruit-tout-un-quartier-de-Souliers-2.jpeg 320w\" sizes=\"(max-width: 300px) 100vw, 300px\" \/><\/p>\r\n<p><strong>\u00a0<\/strong><\/p>\r\n<p>&nbsp;<\/p>\r\n<p>&nbsp;<\/p>\r\n<p style=\"text-align: center;\"><strong>F\u00eate du lundi 7 ao\u00fbt 2023 <\/strong><\/p>\r\n<p style=\"text-align: center;\"><strong>Le Sommet Bucher de 10 h \u00e0 15 h 30<\/strong><\/p>\r\n<p><strong>Origine du nom ; int\u00e9r\u00eat strat\u00e9gique ; les premi\u00e8res voitures de tourisme y acc\u00e8dent en 1902 ; la Table d&rsquo;orientation ; la f\u00eate alpestre d&rsquo;ao\u00fbt 1922<\/strong><\/p>\r\n<p>&nbsp;<\/p>\r\n<p>Quelques photos prises par L\u00e9on Carpentier, adh\u00e9rent de l&rsquo;association.\u00a0<\/p>\r\n<p>&nbsp;<\/p>\r\n<p>&nbsp;<\/p>\r\n<p>&nbsp;<\/p>\r\n<p><img loading=\"lazy\" class=\"aligncenter size-medium wp-image-499\" src=\"http:\/\/queyracines.org\/wp-content\/uploads\/2023\/08\/IMGL1043-Moyen-300x200.jpg\" alt=\"\" width=\"300\" height=\"200\" srcset=\"https:\/\/queyracines.org\/wp-content\/uploads\/2023\/08\/IMGL1043-Moyen-300x200.jpg 300w, https:\/\/queyracines.org\/wp-content\/uploads\/2023\/08\/IMGL1043-Moyen-1024x683.jpg 1024w, https:\/\/queyracines.org\/wp-content\/uploads\/2023\/08\/IMGL1043-Moyen-768x512.jpg 768w, https:\/\/queyracines.org\/wp-content\/uploads\/2023\/08\/IMGL1043-Moyen.jpg 1152w\" sizes=\"(max-width: 300px) 100vw, 300px\" \/><\/p>\r\n<p>&nbsp;<\/p>\r\n<p><img loading=\"lazy\" class=\"aligncenter size-medium wp-image-500\" src=\"http:\/\/queyracines.org\/wp-content\/uploads\/2023\/08\/IMGL1053-Moyen-300x200.jpg\" alt=\"\" width=\"300\" height=\"200\" srcset=\"https:\/\/queyracines.org\/wp-content\/uploads\/2023\/08\/IMGL1053-Moyen-300x200.jpg 300w, https:\/\/queyracines.org\/wp-content\/uploads\/2023\/08\/IMGL1053-Moyen-1024x683.jpg 1024w, https:\/\/queyracines.org\/wp-content\/uploads\/2023\/08\/IMGL1053-Moyen-768x512.jpg 768w, https:\/\/queyracines.org\/wp-content\/uploads\/2023\/08\/IMGL1053-Moyen.jpg 1152w\" sizes=\"(max-width: 300px) 100vw, 300px\" \/><\/p>\r\n<p>&nbsp;<\/p>\r\n<p><img loading=\"lazy\" class=\"aligncenter size-medium wp-image-501\" src=\"http:\/\/queyracines.org\/wp-content\/uploads\/2023\/08\/IMGL1055-Moyen-300x200.jpg\" alt=\"\" width=\"300\" height=\"200\" srcset=\"https:\/\/queyracines.org\/wp-content\/uploads\/2023\/08\/IMGL1055-Moyen-300x200.jpg 300w, https:\/\/queyracines.org\/wp-content\/uploads\/2023\/08\/IMGL1055-Moyen-1024x683.jpg 1024w, https:\/\/queyracines.org\/wp-content\/uploads\/2023\/08\/IMGL1055-Moyen-768x512.jpg 768w, https:\/\/queyracines.org\/wp-content\/uploads\/2023\/08\/IMGL1055-Moyen.jpg 1152w\" sizes=\"(max-width: 300px) 100vw, 300px\" \/><\/p>\r\n<p>&nbsp;<\/p>\r\n<p><img loading=\"lazy\" class=\"aligncenter size-medium wp-image-502\" src=\"http:\/\/queyracines.org\/wp-content\/uploads\/2023\/08\/IMGL1082-Moyen-300x200.jpg\" alt=\"\" width=\"300\" height=\"200\" srcset=\"https:\/\/queyracines.org\/wp-content\/uploads\/2023\/08\/IMGL1082-Moyen-300x200.jpg 300w, https:\/\/queyracines.org\/wp-content\/uploads\/2023\/08\/IMGL1082-Moyen-1024x683.jpg 1024w, https:\/\/queyracines.org\/wp-content\/uploads\/2023\/08\/IMGL1082-Moyen-768x512.jpg 768w, https:\/\/queyracines.org\/wp-content\/uploads\/2023\/08\/IMGL1082-Moyen.jpg 1152w\" sizes=\"(max-width: 300px) 100vw, 300px\" \/><\/p>\r\n<p>&nbsp;<\/p>\r\n<p><img loading=\"lazy\" class=\"aligncenter size-medium wp-image-504\" src=\"http:\/\/queyracines.org\/wp-content\/uploads\/2023\/08\/IMGL1070-Moyen-300x200.jpg\" alt=\"\" width=\"300\" height=\"200\" srcset=\"https:\/\/queyracines.org\/wp-content\/uploads\/2023\/08\/IMGL1070-Moyen-300x200.jpg 300w, https:\/\/queyracines.org\/wp-content\/uploads\/2023\/08\/IMGL1070-Moyen-1024x683.jpg 1024w, https:\/\/queyracines.org\/wp-content\/uploads\/2023\/08\/IMGL1070-Moyen-768x512.jpg 768w, https:\/\/queyracines.org\/wp-content\/uploads\/2023\/08\/IMGL1070-Moyen.jpg 1152w\" sizes=\"(max-width: 300px) 100vw, 300px\" \/><\/p>\r\n<p>&nbsp;<\/p>\r\n<p style=\"text-align: center;\"><strong>AG annuelle<\/strong>\u00a0<\/p>\r\n<p>&nbsp;<\/p>\r\n<p>Elle a eu lieu dans l&rsquo;ancienne \u00e9cole de Ville-Vieille.\u00a0<\/p>\r\n<p>&nbsp;<\/p>\r\n<p><img loading=\"lazy\" class=\"aligncenter size-medium wp-image-505\" src=\"http:\/\/queyracines.org\/wp-content\/uploads\/2023\/08\/IMGL1088-Moyen-300x200.jpg\" alt=\"\" width=\"300\" height=\"200\" srcset=\"https:\/\/queyracines.org\/wp-content\/uploads\/2023\/08\/IMGL1088-Moyen-300x200.jpg 300w, https:\/\/queyracines.org\/wp-content\/uploads\/2023\/08\/IMGL1088-Moyen-1024x683.jpg 1024w, https:\/\/queyracines.org\/wp-content\/uploads\/2023\/08\/IMGL1088-Moyen-768x512.jpg 768w, https:\/\/queyracines.org\/wp-content\/uploads\/2023\/08\/IMGL1088-Moyen.jpg 1152w\" sizes=\"(max-width: 300px) 100vw, 300px\" \/><\/p>\r\n<p>&nbsp;<\/p>\r\n<p>&nbsp;<\/p>\r\n<p style=\"text-align: center;\"><strong>F\u00eate du 2 ao\u00fbt 2022<\/strong><\/p>\r\n<p>Visite d&rsquo;Aiguilles sous la direction de Genevi\u00e8ve Pons et d&rsquo;Yves Magn\u00e9. Nos adh\u00e9rents les remercient.\u00a0<\/p>\r\n<p>Les photos ci-dessous sont de L\u00e9on Carpentier, un adh\u00e9rent de Quey&rsquo;racines qui demeure l&rsquo;\u00e9t\u00e9 \u00e0 Brunissard. Qu&rsquo;il agr\u00e9e notre reconnaissance\u00a0<\/p>\r\n<p>&nbsp;<\/p>\r\n<p>&nbsp;<\/p>\r\n<p><img loading=\"lazy\" class=\"aligncenter size-medium wp-image-464\" src=\"http:\/\/queyracines.org\/wp-content\/uploads\/2022\/08\/IMG_0001-RED-300x200.jpg\" alt=\"\" width=\"300\" height=\"200\" srcset=\"https:\/\/queyracines.org\/wp-content\/uploads\/2022\/08\/IMG_0001-RED-300x200.jpg 300w, https:\/\/queyracines.org\/wp-content\/uploads\/2022\/08\/IMG_0001-RED-1024x683.jpg 1024w, https:\/\/queyracines.org\/wp-content\/uploads\/2022\/08\/IMG_0001-RED-768x512.jpg 768w, https:\/\/queyracines.org\/wp-content\/uploads\/2022\/08\/IMG_0001-RED-1536x1024.jpg 1536w, https:\/\/queyracines.org\/wp-content\/uploads\/2022\/08\/IMG_0001-RED.jpg 1773w\" sizes=\"(max-width: 300px) 100vw, 300px\" \/><\/p>\r\n<p><img loading=\"lazy\" class=\"aligncenter size-medium wp-image-465\" src=\"http:\/\/queyracines.org\/wp-content\/uploads\/2022\/08\/IMG_0010-RED-300x200.jpg\" alt=\"\" width=\"300\" height=\"200\" srcset=\"https:\/\/queyracines.org\/wp-content\/uploads\/2022\/08\/IMG_0010-RED-300x200.jpg 300w, https:\/\/queyracines.org\/wp-content\/uploads\/2022\/08\/IMG_0010-RED-1024x683.jpg 1024w, https:\/\/queyracines.org\/wp-content\/uploads\/2022\/08\/IMG_0010-RED-768x512.jpg 768w, https:\/\/queyracines.org\/wp-content\/uploads\/2022\/08\/IMG_0010-RED-1536x1024.jpg 1536w, https:\/\/queyracines.org\/wp-content\/uploads\/2022\/08\/IMG_0010-RED.jpg 1773w\" sizes=\"(max-width: 300px) 100vw, 300px\" \/><\/p>\r\n<p><img loading=\"lazy\" class=\"aligncenter size-medium wp-image-466\" src=\"http:\/\/queyracines.org\/wp-content\/uploads\/2022\/08\/IMG_0014-RED-300x200.jpg\" alt=\"\" width=\"300\" height=\"200\" srcset=\"https:\/\/queyracines.org\/wp-content\/uploads\/2022\/08\/IMG_0014-RED-300x200.jpg 300w, https:\/\/queyracines.org\/wp-content\/uploads\/2022\/08\/IMG_0014-RED-1024x683.jpg 1024w, https:\/\/queyracines.org\/wp-content\/uploads\/2022\/08\/IMG_0014-RED-768x512.jpg 768w, https:\/\/queyracines.org\/wp-content\/uploads\/2022\/08\/IMG_0014-RED-1536x1024.jpg 1536w, https:\/\/queyracines.org\/wp-content\/uploads\/2022\/08\/IMG_0014-RED.jpg 1773w\" sizes=\"(max-width: 300px) 100vw, 300px\" \/><\/p>\r\n<p><img loading=\"lazy\" class=\"aligncenter size-medium wp-image-467\" src=\"http:\/\/queyracines.org\/wp-content\/uploads\/2022\/08\/IMG_0019-RED-200x300.jpg\" alt=\"\" width=\"200\" height=\"300\" srcset=\"https:\/\/queyracines.org\/wp-content\/uploads\/2022\/08\/IMG_0019-RED-200x300.jpg 200w, https:\/\/queyracines.org\/wp-content\/uploads\/2022\/08\/IMG_0019-RED-683x1024.jpg 683w, https:\/\/queyracines.org\/wp-content\/uploads\/2022\/08\/IMG_0019-RED-768x1152.jpg 768w, https:\/\/queyracines.org\/wp-content\/uploads\/2022\/08\/IMG_0019-RED-1024x1536.jpg 1024w, https:\/\/queyracines.org\/wp-content\/uploads\/2022\/08\/IMG_0019-RED.jpg 1182w\" sizes=\"(max-width: 200px) 100vw, 200px\" \/><\/p>\r\n<p><img loading=\"lazy\" class=\"aligncenter size-medium wp-image-468\" src=\"http:\/\/queyracines.org\/wp-content\/uploads\/2022\/08\/IMG_0038-RED-300x200.jpg\" alt=\"\" width=\"300\" height=\"200\" srcset=\"https:\/\/queyracines.org\/wp-content\/uploads\/2022\/08\/IMG_0038-RED-300x200.jpg 300w, https:\/\/queyracines.org\/wp-content\/uploads\/2022\/08\/IMG_0038-RED-1024x683.jpg 1024w, https:\/\/queyracines.org\/wp-content\/uploads\/2022\/08\/IMG_0038-RED-768x512.jpg 768w, https:\/\/queyracines.org\/wp-content\/uploads\/2022\/08\/IMG_0038-RED-1536x1024.jpg 1536w, https:\/\/queyracines.org\/wp-content\/uploads\/2022\/08\/IMG_0038-RED.jpg 1773w\" sizes=\"(max-width: 300px) 100vw, 300px\" \/><\/p>\r\n<p><img loading=\"lazy\" class=\"aligncenter size-medium wp-image-469\" src=\"http:\/\/queyracines.org\/wp-content\/uploads\/2022\/08\/IMG_0041-RED-300x200.jpg\" alt=\"\" width=\"300\" height=\"200\" srcset=\"https:\/\/queyracines.org\/wp-content\/uploads\/2022\/08\/IMG_0041-RED-300x200.jpg 300w, https:\/\/queyracines.org\/wp-content\/uploads\/2022\/08\/IMG_0041-RED-1024x683.jpg 1024w, https:\/\/queyracines.org\/wp-content\/uploads\/2022\/08\/IMG_0041-RED-768x512.jpg 768w, https:\/\/queyracines.org\/wp-content\/uploads\/2022\/08\/IMG_0041-RED-1536x1024.jpg 1536w, https:\/\/queyracines.org\/wp-content\/uploads\/2022\/08\/IMG_0041-RED.jpg 1773w\" sizes=\"(max-width: 300px) 100vw, 300px\" \/><\/p>\r\n<p><img loading=\"lazy\" class=\"aligncenter size-medium wp-image-470\" src=\"http:\/\/queyracines.org\/wp-content\/uploads\/2022\/08\/IMG_0043-RED-300x200.jpg\" alt=\"\" width=\"300\" height=\"200\" srcset=\"https:\/\/queyracines.org\/wp-content\/uploads\/2022\/08\/IMG_0043-RED-300x200.jpg 300w, https:\/\/queyracines.org\/wp-content\/uploads\/2022\/08\/IMG_0043-RED-1024x683.jpg 1024w, https:\/\/queyracines.org\/wp-content\/uploads\/2022\/08\/IMG_0043-RED-768x512.jpg 768w, https:\/\/queyracines.org\/wp-content\/uploads\/2022\/08\/IMG_0043-RED-1536x1024.jpg 1536w, https:\/\/queyracines.org\/wp-content\/uploads\/2022\/08\/IMG_0043-RED.jpg 1773w\" sizes=\"(max-width: 300px) 100vw, 300px\" \/><\/p>\r\n<p>&nbsp;<\/p>\r\n<p style=\"text-align: center;\"><strong>F\u00eate annuelle et AG<\/strong><\/p>\r\n<p>&nbsp;<\/p>\r\n<p style=\"text-align: center;\"><span style=\"vertical-align: inherit;\"><span style=\"vertical-align: inherit;\"><span style=\"vertical-align: inherit;\"><span style=\"vertical-align: inherit;\"><span style=\"vertical-align: inherit;\"><span style=\"vertical-align: inherit;\">Chaque ann\u00e9e, Quey&rsquo;racines organise, au d\u00e9but du mois d&rsquo;ao\u00fbt, sa f\u00eate annuelle, ouverte \u00e0 tous, dans un village ou un des hameaux du Queyras. <\/span><\/span><\/span><\/span><\/span><\/span><\/p>\r\n<p><span style=\"vertical-align: inherit;\"><span style=\"vertical-align: inherit;\"><span style=\"vertical-align: inherit;\"><span style=\"vertical-align: inherit;\"><span style=\"vertical-align: inherit;\"><span style=\"vertical-align: inherit;\">La f\u00eate se d\u00e9roule en g\u00e9n\u00e9ral ainsi: de 9 h 30 \u00e0 12 h, visite sous la conduite d&rsquo;un adh\u00e9rent d&rsquo;un lieu (hameau, village, site) avec un expos\u00e9 historique; <\/span><\/span><\/span><\/span><\/span><span style=\"vertical-align: inherit;\"><span style=\"vertical-align: inherit;\"><span style=\"vertical-align: inherit;\"><span style=\"vertical-align: inherit;\"><span style=\"vertical-align: inherit;\">de midi \u00e0 13 h 30, ap\u00e9ritif convivial puis repas tir\u00e9 du sac; <\/span><\/span><\/span><\/span><\/span><span style=\"vertical-align: inherit;\"><span style=\"vertical-align: inherit;\"><span style=\"vertical-align: inherit;\"><span style=\"vertical-align: inherit;\"><span style=\"vertical-align: inherit;\">de 14 h \u00e0 16 h, poursuite de la visite; <\/span><\/span><\/span><\/span><\/span><span style=\"vertical-align: inherit;\"><span style=\"vertical-align: inherit;\"><span style=\"vertical-align: inherit;\"><span style=\"vertical-align: inherit;\"><span style=\"vertical-align: inherit;\">\u00e0 16 h et pendant deux heures, AG de l&rsquo;association.<\/span><\/span><\/span><\/span><\/span><\/span><\/p>\r\n<p>&nbsp;<\/p>\r\n<p style=\"text-align: center;\"><strong>2022<\/strong><\/p>\r\n<p>&nbsp;<\/p>\r\n<p>La f\u00eate va avoir lieu le mardi 2 ao\u00fbt \u00e0 Aiguilles. Elle est ouverte \u00e0 tous, adh\u00e9rents, curieux, amis et sympathisants.\u00a0<\/p>\r\n<p>De 10 h \u00e0 midi, promenade \u00e0 Aiguilles pour voir les villas Belle Epoque (1890-1920), construites par des Aiguillons ayant r\u00e9ussi dans le n\u00e9goce.\u00a0<\/p>\r\n<p>Rendez-vous devant la mairie d&rsquo;Aiguilles.\u00a0<\/p>\r\n<p>De 12 h 30 \u00e0 14 heures, ap\u00e9ritif offert par l&rsquo;association et repas tir\u00e9 du sac.\u00a0<\/p>\r\n<p>De 14 heures \u00e0 16 heures, Salle polyvalente, diaporama. Seront projet\u00e9es pr\u00e8s de 200 photos prises par Anita Jouve entre 1898 et 1930 et montrant ce qu&rsquo;a \u00e9t\u00e9 la Belle Epoque \u00e0 Aiguilles. Gratuit et ouvert \u00e0 tous.\u00a0<\/p>\r\n<p>De 16 heures \u00e0 18 heures, AG annuelle de Quey&rsquo;racines, ouverte aux seuls adh\u00e9rents de l&rsquo;association.<\/p>\r\n<p>&nbsp;<\/p>\r\n<p>&nbsp;<\/p>\r\n<p style=\"text-align: center;\"><strong>2021\u00a0<\/strong><\/p>\r\n<p>La f\u00eate annuelle a lieu cette ann\u00e9e le lundi 9 ao\u00fbt \u00e0 Ceillac. Elle est ouverte \u00e0 tous, adh\u00e9rents, amis, sympathisants.\u00a0<\/p>\r\n<p>Programme\u00a0<\/p>\r\n<p>Accueil de 9 h 30 \u00e0 10 heures des participants. B\u00e2timent de ski de fond (accueil ski nordique), parking, sur les bords de la D60.<\/p>\r\n<p>D\u00e9couverte du sentier \u00e9cologique de la Gypi\u00e8re ; retour par le Chemin des contes et l\u00e9gendes, sous la conduite des adh\u00e9rents habitant dans cette commune.\u00a0<\/p>\r\n<p>13 h Ap\u00e9ritif, puis barbecue.\u00a0\u00a0<\/p>\r\n<p>Les grillades sont offertes par Quey&rsquo;racines.\u00a0<\/p>\r\n<p>&nbsp;<\/p>\r\n<p>15 h 30. Assembl\u00e9e g\u00e9n\u00e9rale&#8230;\u00a0 B\u00e2timent de ski de fond.\u00a0<\/p>\r\n<p>&nbsp;<\/p>\r\n<p>Pour les adh\u00e9rents et autres amateurs d&rsquo;histoire et de patrimoine, conf\u00e9rence \u00e0 18 h 30 \u00e0 Molines sur l&rsquo;exploitation de l&rsquo;amiante de P\u00e9as de 1928 \u00e0 1954.\u00a0<\/p>\r\n<p>&nbsp;<\/p>\r\n<p style=\"text-align: center;\"><strong>Quelques photos prises par un de nos adh\u00e9rents\u00a0<\/strong><\/p>\r\n<p style=\"text-align: center;\"><strong>Le rendez-vous devant l&rsquo;Accueil Nordique<\/strong><\/p>\r\n<p><img loading=\"lazy\" class=\"aligncenter size-medium wp-image-415\" src=\"http:\/\/queyracines.org\/wp-content\/uploads\/2021\/08\/IMG_8887-r-300x200.jpg\" alt=\"\" width=\"300\" height=\"200\" srcset=\"https:\/\/queyracines.org\/wp-content\/uploads\/2021\/08\/IMG_8887-r-300x200.jpg 300w, https:\/\/queyracines.org\/wp-content\/uploads\/2021\/08\/IMG_8887-r-1024x682.jpg 1024w, https:\/\/queyracines.org\/wp-content\/uploads\/2021\/08\/IMG_8887-r-768x512.jpg 768w, https:\/\/queyracines.org\/wp-content\/uploads\/2021\/08\/IMG_8887-r-1536x1023.jpg 1536w, https:\/\/queyracines.org\/wp-content\/uploads\/2021\/08\/IMG_8887-r.jpg 1732w\" sizes=\"(max-width: 300px) 100vw, 300px\" \/><\/p>\r\n<p>&nbsp;<\/p>\r\n<p style=\"text-align: center;\"><strong>D\u00e9but de la randonn\u00e9e vers le chemin de la Gypi\u00e8re<\/strong><\/p>\r\n<p><img loading=\"lazy\" class=\"aligncenter size-medium wp-image-416\" src=\"http:\/\/queyracines.org\/wp-content\/uploads\/2021\/08\/IMG_8888-r-300x200.jpg\" alt=\"\" width=\"300\" height=\"200\" srcset=\"https:\/\/queyracines.org\/wp-content\/uploads\/2021\/08\/IMG_8888-r-300x200.jpg 300w, https:\/\/queyracines.org\/wp-content\/uploads\/2021\/08\/IMG_8888-r-1024x682.jpg 1024w, https:\/\/queyracines.org\/wp-content\/uploads\/2021\/08\/IMG_8888-r-768x512.jpg 768w, https:\/\/queyracines.org\/wp-content\/uploads\/2021\/08\/IMG_8888-r-1536x1023.jpg 1536w, https:\/\/queyracines.org\/wp-content\/uploads\/2021\/08\/IMG_8888-r.jpg 1732w\" sizes=\"(max-width: 300px) 100vw, 300px\" \/><\/p>\r\n<p>&nbsp;<\/p>\r\n<p style=\"text-align: center;\"><strong>Sur le chemin de la Gypi\u00e8re\u00a0<\/strong><\/p>\r\n<p><img loading=\"lazy\" class=\"aligncenter size-medium wp-image-418\" src=\"http:\/\/queyracines.org\/wp-content\/uploads\/2021\/08\/IMG_8894-r-300x200.jpg\" alt=\"\" width=\"300\" height=\"200\" srcset=\"https:\/\/queyracines.org\/wp-content\/uploads\/2021\/08\/IMG_8894-r-300x200.jpg 300w, https:\/\/queyracines.org\/wp-content\/uploads\/2021\/08\/IMG_8894-r-1024x682.jpg 1024w, https:\/\/queyracines.org\/wp-content\/uploads\/2021\/08\/IMG_8894-r-768x512.jpg 768w, https:\/\/queyracines.org\/wp-content\/uploads\/2021\/08\/IMG_8894-r-1536x1023.jpg 1536w, https:\/\/queyracines.org\/wp-content\/uploads\/2021\/08\/IMG_8894-r.jpg 1732w\" sizes=\"(max-width: 300px) 100vw, 300px\" \/><\/p>\r\n<p>&nbsp;<\/p>\r\n<p style=\"text-align: center;\"><strong>Ap\u00e9ritif et barbecue\u00a0<\/strong><\/p>\r\n<p><img loading=\"lazy\" class=\"aligncenter size-medium wp-image-419\" src=\"http:\/\/queyracines.org\/wp-content\/uploads\/2021\/08\/IMG_8904-r-300x200.jpg\" alt=\"\" width=\"300\" height=\"200\" srcset=\"https:\/\/queyracines.org\/wp-content\/uploads\/2021\/08\/IMG_8904-r-300x200.jpg 300w, https:\/\/queyracines.org\/wp-content\/uploads\/2021\/08\/IMG_8904-r-1024x682.jpg 1024w, https:\/\/queyracines.org\/wp-content\/uploads\/2021\/08\/IMG_8904-r-768x512.jpg 768w, https:\/\/queyracines.org\/wp-content\/uploads\/2021\/08\/IMG_8904-r-1536x1023.jpg 1536w, https:\/\/queyracines.org\/wp-content\/uploads\/2021\/08\/IMG_8904-r.jpg 1732w\" sizes=\"(max-width: 300px) 100vw, 300px\" \/><\/p>\r\n<p>&nbsp;<\/p>\r\n<p style=\"text-align: center;\"><strong>AG dans la salle de l&rsquo;Accueil Nordique\u00a0<\/strong><\/p>\r\n<p><img loading=\"lazy\" class=\"aligncenter size-medium wp-image-420\" src=\"http:\/\/queyracines.org\/wp-content\/uploads\/2021\/08\/IMG_8916-r-300x200.jpg\" alt=\"\" width=\"300\" height=\"200\" srcset=\"https:\/\/queyracines.org\/wp-content\/uploads\/2021\/08\/IMG_8916-r-300x200.jpg 300w, https:\/\/queyracines.org\/wp-content\/uploads\/2021\/08\/IMG_8916-r-1024x682.jpg 1024w, https:\/\/queyracines.org\/wp-content\/uploads\/2021\/08\/IMG_8916-r-768x512.jpg 768w, https:\/\/queyracines.org\/wp-content\/uploads\/2021\/08\/IMG_8916-r-1536x1023.jpg 1536w, https:\/\/queyracines.org\/wp-content\/uploads\/2021\/08\/IMG_8916-r.jpg 1732w\" sizes=\"(max-width: 300px) 100vw, 300px\" \/><\/p>\r\n<p>&nbsp;<\/p>\r\n<p>&nbsp;<\/p>\r\n<p style=\"text-align: center;\"><strong>2020<\/strong><\/p>\r\n<p>La f\u00eate annuelle de Quey&rsquo;racines a lieu cette ann\u00e9e, le mercredi 5 ao\u00fbt, \u00e0 Meyri\u00e8s et au Rouet. Elle est ouverte \u00e0 tous, adh\u00e9rents et sympathisants&#8230;<\/p>\r\n<p>Programme :\u00a0<\/p>\r\n<p>9 h 30 &#8211; 10 h : accueil des participants \u00e0 Meyri\u00e8s (possibilit\u00e9s de parking sur les chemins qui conduisent \u00e0 Chalvet des Borels et \u00e0 Rouet)<\/p>\r\n<p>10 h &#8211; midi : visite comment\u00e9e du village de Meyri\u00e8s<\/p>\r\n<p>12 h &#8211; 12 h 30 : promenade jusqu&rsquo;\u00e0 Rouet<\/p>\r\n<p>12 h 30 : ap\u00e9ritif offert par Quey&rsquo;racines et repas tir\u00e9 du sac<\/p>\r\n<p>14 h : visite du hameau de Rouet et rapide expos\u00e9 sur l&rsquo;exploitation de l&rsquo;amiante de P\u00e9as<\/p>\r\n<p>&nbsp;<\/p>\r\n<figure id=\"attachment_364\" aria-describedby=\"caption-attachment-364\" style=\"width: 300px\" class=\"wp-caption aligncenter\"><img loading=\"lazy\" class=\"size-medium wp-image-364\" src=\"http:\/\/queyracines.org\/wp-content\/uploads\/2020\/07\/Rouet-033-300x225.jpg\" alt=\"\" width=\"300\" height=\"225\" srcset=\"https:\/\/queyracines.org\/wp-content\/uploads\/2020\/07\/Rouet-033-300x225.jpg 300w, https:\/\/queyracines.org\/wp-content\/uploads\/2020\/07\/Rouet-033-1024x768.jpg 1024w, https:\/\/queyracines.org\/wp-content\/uploads\/2020\/07\/Rouet-033-768x576.jpg 768w, https:\/\/queyracines.org\/wp-content\/uploads\/2020\/07\/Rouet-033-1536x1152.jpg 1536w, https:\/\/queyracines.org\/wp-content\/uploads\/2020\/07\/Rouet-033-2048x1536.jpg 2048w\" sizes=\"(max-width: 300px) 100vw, 300px\" \/><figcaption id=\"caption-attachment-364\" class=\"wp-caption-text\">Une fontaine de Meyri\u00e8s<\/figcaption><\/figure>\r\n<p>&nbsp;<\/p>\r\n<p style=\"text-align: center;\">Quelques photos de Meyri\u00e8s<\/p>\r\n<p>&nbsp;<\/p>\r\n<p><img loading=\"lazy\" class=\"aligncenter size-medium wp-image-369\" src=\"http:\/\/queyracines.org\/wp-content\/uploads\/2020\/08\/20200805_094402-300x169.jpg\" alt=\"\" width=\"300\" height=\"169\" srcset=\"https:\/\/queyracines.org\/wp-content\/uploads\/2020\/08\/20200805_094402-300x169.jpg 300w, https:\/\/queyracines.org\/wp-content\/uploads\/2020\/08\/20200805_094402-1024x576.jpg 1024w, https:\/\/queyracines.org\/wp-content\/uploads\/2020\/08\/20200805_094402-768x432.jpg 768w, https:\/\/queyracines.org\/wp-content\/uploads\/2020\/08\/20200805_094402-1536x864.jpg 1536w, https:\/\/queyracines.org\/wp-content\/uploads\/2020\/08\/20200805_094402-2048x1152.jpg 2048w\" sizes=\"(max-width: 300px) 100vw, 300px\" \/><\/p>\r\n<p>&nbsp;<\/p>\r\n<p>&nbsp;<\/p>\r\n<p style=\"text-align: center;\"><img loading=\"lazy\" class=\"aligncenter size-medium wp-image-370\" src=\"http:\/\/queyracines.org\/wp-content\/uploads\/2020\/08\/20200805_153300-169x300.jpg\" alt=\"\" width=\"169\" height=\"300\" srcset=\"https:\/\/queyracines.org\/wp-content\/uploads\/2020\/08\/20200805_153300-169x300.jpg 169w, https:\/\/queyracines.org\/wp-content\/uploads\/2020\/08\/20200805_153300-576x1024.jpg 576w, https:\/\/queyracines.org\/wp-content\/uploads\/2020\/08\/20200805_153300-768x1365.jpg 768w, https:\/\/queyracines.org\/wp-content\/uploads\/2020\/08\/20200805_153300-864x1536.jpg 864w, https:\/\/queyracines.org\/wp-content\/uploads\/2020\/08\/20200805_153300-1152x2048.jpg 1152w, https:\/\/queyracines.org\/wp-content\/uploads\/2020\/08\/20200805_153300-scaled.jpg 1440w\" sizes=\"(max-width: 169px) 100vw, 169px\" \/><\/p>\r\n<p>&nbsp;<\/p>\r\n<p style=\"text-align: center;\">Rouet<\/p>\r\n<figure id=\"attachment_371\" aria-describedby=\"caption-attachment-371\" style=\"width: 225px\" class=\"wp-caption aligncenter\"><img loading=\"lazy\" class=\"size-medium wp-image-371\" src=\"http:\/\/queyracines.org\/wp-content\/uploads\/2020\/08\/Rouet-008-225x300.jpg\" alt=\"\" width=\"225\" height=\"300\" srcset=\"https:\/\/queyracines.org\/wp-content\/uploads\/2020\/08\/Rouet-008-225x300.jpg 225w, https:\/\/queyracines.org\/wp-content\/uploads\/2020\/08\/Rouet-008-768x1024.jpg 768w, https:\/\/queyracines.org\/wp-content\/uploads\/2020\/08\/Rouet-008-1152x1536.jpg 1152w, https:\/\/queyracines.org\/wp-content\/uploads\/2020\/08\/Rouet-008-1536x2048.jpg 1536w, https:\/\/queyracines.org\/wp-content\/uploads\/2020\/08\/Rouet-008.jpg 1920w\" sizes=\"(max-width: 225px) 100vw, 225px\" \/><figcaption id=\"caption-attachment-371\" class=\"wp-caption-text\">Chapelle Saint-Charles Borrom\u00e9e du Rouet<\/figcaption><\/figure>\r\n<p>&nbsp;<\/p>\r\n<p style=\"text-align: center;\"><strong>Assembl\u00e9e g\u00e9n\u00e9rale<\/strong><\/p>\r\n<p>M\u00eame jour, 16 h : Assembl\u00e9e g\u00e9n\u00e9rale de Quey&rsquo;racines \u00e0 Ville-Vieille, dans les jardins du Guilazur&#8230;\u00a0\u00a0<\/p>\r\n<p>&nbsp;<\/p>\r\n<p>&nbsp;<\/p>\r\n<p>&nbsp;<\/p>\r\n<p style=\"text-align: center;\"><strong><span style=\"vertical-align: inherit;\"><span style=\"vertical-align: inherit;\"><span style=\"vertical-align: inherit;\"><span style=\"vertical-align: inherit;\"><span style=\"vertical-align: inherit;\"><span style=\"vertical-align: inherit;\">2019<\/span><\/span><\/span><\/span><\/span><\/span><\/strong><\/p>\r\n<p><span style=\"vertical-align: inherit;\"><span style=\"vertical-align: inherit;\"><span style=\"vertical-align: inherit;\"><span style=\"vertical-align: inherit;\"><span style=\"vertical-align: inherit;\"><span style=\"vertical-align: inherit;\">La f\u00eate annuelle de Quey&rsquo;racines est ouverte \u00e0 tous, adh\u00e9rents, curieux, amis du Queyras, sympathisants. <\/span><\/span><\/span><\/span><\/span><span style=\"vertical-align: inherit;\"><span style=\"vertical-align: inherit;\"><span style=\"vertical-align: inherit;\"><span style=\"vertical-align: inherit;\"><span style=\"vertical-align: inherit;\">Cette ann\u00e9e, elle a lieu le lundi 5 ao\u00fbt au hameau de la Chapelue (commune de Ch\u00e2teau-Ville-Vieille)<\/span><\/span><\/span><\/span><\/span><\/span><\/p>\r\n<p><img loading=\"lazy\" class=\"size-medium wp-image-220 aligncenter\" src=\"http:\/\/queyracines.org\/wp-content\/uploads\/2019\/05\/Le-hameau-vu-de-lancienne-route-300x225.jpg\" alt=\"\" width=\"300\" height=\"225\" srcset=\"https:\/\/queyracines.org\/wp-content\/uploads\/2019\/05\/Le-hameau-vu-de-lancienne-route-300x225.jpg 300w, https:\/\/queyracines.org\/wp-content\/uploads\/2019\/05\/Le-hameau-vu-de-lancienne-route-768x576.jpg 768w, https:\/\/queyracines.org\/wp-content\/uploads\/2019\/05\/Le-hameau-vu-de-lancienne-route-1024x768.jpg 1024w\" sizes=\"(max-width: 300px) 100vw, 300px\" \/><\/p>\r\n<p><img loading=\"lazy\" class=\"size-medium wp-image-221 aligncenter\" src=\"http:\/\/queyracines.org\/wp-content\/uploads\/2019\/05\/Larri\u00e8re-du-hameau-vu-de-la-route-de-Montbardon-300x225.jpg\" alt=\"\" width=\"300\" height=\"225\" srcset=\"https:\/\/queyracines.org\/wp-content\/uploads\/2019\/05\/Larri\u00e8re-du-hameau-vu-de-la-route-de-Montbardon-300x225.jpg 300w, https:\/\/queyracines.org\/wp-content\/uploads\/2019\/05\/Larri\u00e8re-du-hameau-vu-de-la-route-de-Montbardon-768x576.jpg 768w, https:\/\/queyracines.org\/wp-content\/uploads\/2019\/05\/Larri\u00e8re-du-hameau-vu-de-la-route-de-Montbardon-1024x768.jpg 1024w\" sizes=\"(max-width: 300px) 100vw, 300px\" \/><\/p>\r\n<p><span style=\"vertical-align: inherit;\"><span style=\"vertical-align: inherit;\"><span style=\"vertical-align: inherit;\"><span style=\"vertical-align: inherit;\"><span style=\"vertical-align: inherit;\"><span style=\"vertical-align: inherit;\">En voici le programme<\/span><\/span><\/span><\/span><\/span><\/span><\/p>\r\n<p><span style=\"vertical-align: inherit;\"><span style=\"vertical-align: inherit;\"><span style=\"vertical-align: inherit;\"><span style=\"vertical-align: inherit;\"><span style=\"vertical-align: inherit;\"><span style=\"vertical-align: inherit;\">De 9 heures 30 \u00e0 10 heures: accueil des adh\u00e9rents, des amis du Queyras et des sympathisants de l&rsquo;association<\/span><\/span><\/span><\/span><\/span><\/span><\/p>\r\n<p><span style=\"vertical-align: inherit;\"><span style=\"vertical-align: inherit;\">De 10 heures \u00e0 midi et demi: La Chapelue dans l&rsquo;histoire du Queyras; <\/span><span style=\"vertical-align: inherit;\">les singularit\u00e9s architecturales (redans, quintane, syst\u00e8me de collecte des eaux pluviales, maisons align\u00e9es c\u00f4te \u00e0 c\u00f4te); <\/span><span style=\"vertical-align: inherit;\">structure interne des fermes; <\/span><span style=\"vertical-align: inherit;\">village ou hameau? <\/span><span style=\"vertical-align: inherit;\">: chapelle, fournil (avec deux fours), moulin avec bief, salle de classe, forge, caf\u00e9 &#8230;; <\/span><span style=\"vertical-align: inherit;\">activit\u00e9s semi-industrielles: le projet de barrage, la carri\u00e8re de marbre &#8230;; <\/span><span style=\"vertical-align: inherit;\">d\u00e9g\u00e2ts de la crue de 1957<\/span><\/span><\/p>\r\n<p><span style=\"vertical-align: inherit;\"><span style=\"vertical-align: inherit;\">Midi et demi: ap\u00e9ritif offert par Quey&rsquo;racines et repas tir\u00e9 du sac<\/span><\/span><\/p>\r\n<p><span style=\"vertical-align: inherit;\"><span style=\"vertical-align: inherit;\">A partir de 2 heures de l&rsquo;apr\u00e8s-midi: promenade sur la route de Montbardon; <\/span><span style=\"vertical-align: inherit;\">visite des deux fours \u00e0 chaux; <\/span><span style=\"vertical-align: inherit;\">d\u00e9couverte,\u00a0 par une marche facile de vingt minutes, de l&rsquo;ancien sentier muletier, abandonn\u00e9 \u00e0 la construction de la route et qui n&rsquo;est plus entretenu.<\/span><\/span><\/p>\r\n<p style=\"text-align: center;\"><span style=\"vertical-align: inherit;\"><span style=\"vertical-align: inherit;\"><span style=\"vertical-align: inherit;\"><span style=\"vertical-align: inherit;\"><strong>Assembl\u00e9e g\u00e9n\u00e9rale<\/strong> <\/span><\/span><\/span><\/span><\/p>\r\n<p><span style=\"vertical-align: inherit;\"><span style=\"vertical-align: inherit;\"><span style=\"vertical-align: inherit;\"><span style=\"vertical-align: inherit;\">L&rsquo;assembl\u00e9e g\u00e9n\u00e9rale r\u00e9serv\u00e9e aux adh\u00e9rents aura lieu le m\u00eame jour, \u00e0 partir de 4 heures, \u00e0 Ville-Vieille, Guilazur.<\/span><\/span><\/span><\/span><\/p>\r\n<p>&nbsp;<\/p>\r\n<p><img loading=\"lazy\" class=\"aligncenter size-medium wp-image-255\" src=\"http:\/\/queyracines.org\/wp-content\/uploads\/2019\/08\/015-300x200.jpg\" alt=\"\" width=\"300\" height=\"200\" srcset=\"https:\/\/queyracines.org\/wp-content\/uploads\/2019\/08\/015-300x200.jpg 300w, https:\/\/queyracines.org\/wp-content\/uploads\/2019\/08\/015-768x512.jpg 768w, https:\/\/queyracines.org\/wp-content\/uploads\/2019\/08\/015-1024x683.jpg 1024w\" sizes=\"(max-width: 300px) 100vw, 300px\" \/><\/p>\r\n<p style=\"text-align: center;\">Photo des adh\u00e9rents pr\u00e9sents \u00e0 l&rsquo;AG de Ville-Vieille<\/p>\r\n<p>&nbsp;<\/p>\r\n<p style=\"text-align: center;\">PV de l&rsquo;AG<\/p>\r\n<p style=\"text-align: center;\"><a href=\"http:\/\/queyracines.org\/wp-content\/uploads\/2019\/08\/PV-de-lAG-du-12-ao\u00fbt-2019.pdf\">PV de l&rsquo;AG du 12 ao\u00fbt 2019<\/a>\u00a0<\/p>\r\n<hr \/>\r\n<h1>\u00a0<\/h1>\r\n<p style=\"text-align: center;\"><strong>F\u00eates des ann\u00e9es pr\u00e9c\u00e9dentes\u00a0<\/strong><\/p>\r\n<p style=\"text-align: center;\"><strong><span style=\"vertical-align: inherit;\"><span style=\"vertical-align: inherit;\"><span style=\"vertical-align: inherit;\"><span style=\"vertical-align: inherit;\">2018<\/span><\/span><\/span><\/span><\/strong><\/p>\r\n<p><span style=\"vertical-align: inherit;\"><span style=\"vertical-align: inherit;\"><span style=\"vertical-align: inherit;\"><span style=\"vertical-align: inherit;\">En 2018, la f\u00eate a eu lieu \u00e0 Ceillac (ci-dessous, photo du mus\u00e9e am\u00e9nag\u00e9 dans la chapelle des p\u00e9nitents)<\/span><\/span><\/span><\/span><\/p>\r\n<p><img loading=\"lazy\" class=\"aligncenter size-medium wp-image-106\" src=\"http:\/\/queyracines.org\/wp-content\/uploads\/2018\/08\/20180806_153043-300x225.jpg\" alt=\"\" width=\"300\" height=\"225\" srcset=\"https:\/\/queyracines.org\/wp-content\/uploads\/2018\/08\/20180806_153043-300x225.jpg 300w, https:\/\/queyracines.org\/wp-content\/uploads\/2018\/08\/20180806_153043-768x576.jpg 768w, https:\/\/queyracines.org\/wp-content\/uploads\/2018\/08\/20180806_153043-1024x768.jpg 1024w\" sizes=\"(max-width: 300px) 100vw, 300px\" \/><\/p>\r\n<p><span style=\"vertical-align: inherit;\"><span style=\"vertical-align: inherit;\"><span style=\"vertical-align: inherit;\"><span style=\"vertical-align: inherit;\">En 2017, \u00e0 Valpr\u00e9veyre (ci-dessous aquarelle de Christine Lapacherie)<\/span><\/span><\/span><\/span><\/p>\r\n<p><img loading=\"lazy\" class=\"aligncenter size-medium wp-image-107\" src=\"http:\/\/queyracines.org\/wp-content\/uploads\/2018\/08\/Valpr\u00e9veyre-300x218.jpg\" alt=\"\" width=\"300\" height=\"218\" srcset=\"https:\/\/queyracines.org\/wp-content\/uploads\/2018\/08\/Valpr\u00e9veyre-300x218.jpg 300w, https:\/\/queyracines.org\/wp-content\/uploads\/2018\/08\/Valpr\u00e9veyre-768x558.jpg 768w, https:\/\/queyracines.org\/wp-content\/uploads\/2018\/08\/Valpr\u00e9veyre-1024x744.jpg 1024w\" sizes=\"(max-width: 300px) 100vw, 300px\" \/><\/p>\r\n<p><span style=\"vertical-align: inherit;\"><span style=\"vertical-align: inherit;\"><span style=\"vertical-align: inherit;\"><span style=\"vertical-align: inherit;\">En 2016, \u00e0 Villargaudin<\/span><\/span><\/span><\/span><\/p>\r\n<p><img loading=\"lazy\" class=\"aligncenter size-medium wp-image-108\" src=\"http:\/\/queyracines.org\/wp-content\/uploads\/2018\/08\/Four-Villard-Gaudin-2-300x225.jpg\" alt=\"\" width=\"300\" height=\"225\" srcset=\"https:\/\/queyracines.org\/wp-content\/uploads\/2018\/08\/Four-Villard-Gaudin-2-300x225.jpg 300w, https:\/\/queyracines.org\/wp-content\/uploads\/2018\/08\/Four-Villard-Gaudin-2-768x576.jpg 768w, https:\/\/queyracines.org\/wp-content\/uploads\/2018\/08\/Four-Villard-Gaudin-2-1024x768.jpg 1024w\" sizes=\"(max-width: 300px) 100vw, 300px\" \/><\/p>\r\n<p><span style=\"vertical-align: inherit;\"><span style=\"vertical-align: inherit;\"><span style=\"vertical-align: inherit;\"><span style=\"vertical-align: inherit;\"><span style=\"vertical-align: inherit;\"><span style=\"vertical-align: inherit;\">En 2015, \u00e0 La Monta et Ristolas (photo ci-dessous de La Monta, village d\u00e9truit en 1940)<\/span><\/span><\/span><\/span><\/span><\/span><\/p>\r\n<p><img loading=\"lazy\" class=\"aligncenter size-medium wp-image-109\" src=\"http:\/\/queyracines.org\/wp-content\/uploads\/2018\/08\/ivr93_93052160xb_p-300x198.jpg\" alt=\"\" width=\"300\" height=\"198\" srcset=\"https:\/\/queyracines.org\/wp-content\/uploads\/2018\/08\/ivr93_93052160xb_p-300x198.jpg 300w, https:\/\/queyracines.org\/wp-content\/uploads\/2018\/08\/ivr93_93052160xb_p.jpg 768w\" sizes=\"(max-width: 300px) 100vw, 300px\" \/><\/p>\r\n<p><span style=\"vertical-align: inherit;\"><span style=\"vertical-align: inherit;\"><span style=\"vertical-align: inherit;\"><span style=\"vertical-align: inherit;\"><span style=\"vertical-align: inherit;\"><span style=\"vertical-align: inherit;\">En 2014, aux Escoy\u00e8res<\/span><\/span><\/span><\/span><\/span><\/span><\/p>\r\n<p><img loading=\"lazy\" class=\"aligncenter size-medium wp-image-110\" src=\"http:\/\/queyracines.org\/wp-content\/uploads\/2018\/08\/Hameau-des-Esc-295x300.jpg\" alt=\"\" width=\"295\" height=\"300\" srcset=\"https:\/\/queyracines.org\/wp-content\/uploads\/2018\/08\/Hameau-des-Esc-295x300.jpg 295w, https:\/\/queyracines.org\/wp-content\/uploads\/2018\/08\/Hameau-des-Esc.jpg 504w\" sizes=\"(max-width: 295px) 100vw, 295px\" \/><\/p>\r\n\r\n<p>&nbsp;<\/p>\r\n","protected":false},"excerpt":{"rendered":"<p>2025 La f\u00eate annuelle de notre association aura lieu le 8 ao\u00fbt prochain, \u00e0 Pierre-Grosse, sur le th\u00e8me de l\u2019eau.\u00a0 Nous vous donnons&#8230;<\/p>\n","protected":false},"author":1,"featured_media":0,"parent":0,"menu_order":0,"comment_status":"closed","ping_status":"closed","template":"","meta":[],"_links":{"self":[{"href":"https:\/\/queyracines.org\/index.php\/wp-json\/wp\/v2\/pages\/24"}],"collection":[{"href":"https:\/\/queyracines.org\/index.php\/wp-json\/wp\/v2\/pages"}],"about":[{"href":"https:\/\/queyracines.org\/index.php\/wp-json\/wp\/v2\/types\/page"}],"author":[{"embeddable":true,"href":"https:\/\/queyracines.org\/index.php\/wp-json\/wp\/v2\/users\/1"}],"replies":[{"embeddable":true,"href":"https:\/\/queyracines.org\/index.php\/wp-json\/wp\/v2\/comments?post=24"}],"version-history":[{"count":45,"href":"https:\/\/queyracines.org\/index.php\/wp-json\/wp\/v2\/pages\/24\/revisions"}],"predecessor-version":[{"id":580,"href":"https:\/\/queyracines.org\/index.php\/wp-json\/wp\/v2\/pages\/24\/revisions\/580"}],"wp:attachment":[{"href":"https:\/\/queyracines.org\/index.php\/wp-json\/wp\/v2\/media?parent=24"}],"curies":[{"name":"wp","href":"https:\/\/api.w.org\/{rel}","templated":true}]}}