{"id":26,"date":"2018-08-25T14:10:58","date_gmt":"2018-08-25T12:10:58","guid":{"rendered":"http:\/\/queyracines.org\/?page_id=26"},"modified":"2025-09-05T10:08:32","modified_gmt":"2025-09-05T08:08:32","slug":"publications-2","status":"publish","type":"page","link":"https:\/\/queyracines.org\/index.php\/publications-2\/","title":{"rendered":"Publications"},"content":{"rendered":"<p style=\"text-align: center;\">\u00a0<\/p>\r\n<p style=\"text-align: center;\"><strong>Livres publi\u00e9s ou r\u00e9\u00e9dit\u00e9s par des adh\u00e9rents ou des amis de Quey&rsquo;racines<\/strong><\/p>\r\n<p>&nbsp;<\/p>\r\n<p style=\"text-align: center;\"><strong>2025<\/strong><\/p>\r\n<p>&nbsp;<\/p>\r\n<p><img loading=\"lazy\" class=\"aligncenter size-medium wp-image-586\" src=\"http:\/\/queyracines.org\/wp-content\/uploads\/2025\/09\/Couverture-Monographie-Ceillac-200x300.jpg\" alt=\"\" width=\"200\" height=\"300\" srcset=\"https:\/\/queyracines.org\/wp-content\/uploads\/2025\/09\/Couverture-Monographie-Ceillac-200x300.jpg 200w, https:\/\/queyracines.org\/wp-content\/uploads\/2025\/09\/Couverture-Monographie-Ceillac-683x1024.jpg 683w, https:\/\/queyracines.org\/wp-content\/uploads\/2025\/09\/Couverture-Monographie-Ceillac-768x1151.jpg 768w, https:\/\/queyracines.org\/wp-content\/uploads\/2025\/09\/Couverture-Monographie-Ceillac-1025x1536.jpg 1025w, https:\/\/queyracines.org\/wp-content\/uploads\/2025\/09\/Couverture-Monographie-Ceillac-1366x2048.jpg 1366w, https:\/\/queyracines.org\/wp-content\/uploads\/2025\/09\/Couverture-Monographie-Ceillac-scaled.jpg 1708w\" sizes=\"(max-width: 200px) 100vw, 200px\" \/><\/p>\r\n<p>&nbsp;<\/p>\r\n<p><img loading=\"lazy\" class=\"aligncenter size-medium wp-image-559\" src=\"http:\/\/queyracines.org\/wp-content\/uploads\/2025\/01\/PLM-199x300.jpg\" alt=\"\" width=\"199\" height=\"300\" srcset=\"https:\/\/queyracines.org\/wp-content\/uploads\/2025\/01\/PLM-199x300.jpg 199w, https:\/\/queyracines.org\/wp-content\/uploads\/2025\/01\/PLM-680x1024.jpg 680w, https:\/\/queyracines.org\/wp-content\/uploads\/2025\/01\/PLM-768x1157.jpg 768w, https:\/\/queyracines.org\/wp-content\/uploads\/2025\/01\/PLM.jpg 946w\" sizes=\"(max-width: 199px) 100vw, 199px\" \/><\/p>\r\n<p>&nbsp;<\/p>\r\n<p>Editions Transhumances, 16 \u20ac.<\/p>\r\n<p>&nbsp;<\/p>\r\n<p style=\"text-align: center;\"><strong>2024<\/strong><\/p>\r\n<p>&nbsp;<\/p>\r\n<p>&nbsp;<\/p>\r\n<p><img loading=\"lazy\" class=\"aligncenter size-medium wp-image-530\" src=\"http:\/\/queyracines.org\/wp-content\/uploads\/2024\/07\/Mono-St-V-199x300.jpg\" alt=\"\" width=\"199\" height=\"300\" srcset=\"https:\/\/queyracines.org\/wp-content\/uploads\/2024\/07\/Mono-St-V-199x300.jpg 199w, https:\/\/queyracines.org\/wp-content\/uploads\/2024\/07\/Mono-St-V-679x1024.jpg 679w, https:\/\/queyracines.org\/wp-content\/uploads\/2024\/07\/Mono-St-V-768x1157.jpg 768w, https:\/\/queyracines.org\/wp-content\/uploads\/2024\/07\/Mono-St-V-1019x1536.jpg 1019w, https:\/\/queyracines.org\/wp-content\/uploads\/2024\/07\/Mono-St-V-1359x2048.jpg 1359w, https:\/\/queyracines.org\/wp-content\/uploads\/2024\/07\/Mono-St-V-scaled.jpg 1699w\" sizes=\"(max-width: 199px) 100vw, 199px\" \/><\/p>\r\n<p>&nbsp;<\/p>\r\n<p style=\"text-align: center;\">Introduction, pr\u00e9face et notes de Jean-G\u00e9rard Lapacherie\u00a0<\/p>\r\n<p style=\"text-align: center;\">Editions Transhumances, prix 22 \u20ac<\/p>\r\n<p style=\"text-align: center;\">\u00a0<\/p>\r\n<p>&nbsp;<\/p>\r\n<p style=\"text-align: center;\"><img loading=\"lazy\" class=\"aligncenter size-medium wp-image-531\" src=\"http:\/\/queyracines.org\/wp-content\/uploads\/2024\/07\/Rostolland-197x300.jpg\" alt=\"\" width=\"197\" height=\"300\" srcset=\"https:\/\/queyracines.org\/wp-content\/uploads\/2024\/07\/Rostolland-197x300.jpg 197w, https:\/\/queyracines.org\/wp-content\/uploads\/2024\/07\/Rostolland-674x1024.jpg 674w, https:\/\/queyracines.org\/wp-content\/uploads\/2024\/07\/Rostolland-768x1167.jpg 768w, https:\/\/queyracines.org\/wp-content\/uploads\/2024\/07\/Rostolland-1011x1536.jpg 1011w, https:\/\/queyracines.org\/wp-content\/uploads\/2024\/07\/Rostolland-1348x2048.jpg 1348w, https:\/\/queyracines.org\/wp-content\/uploads\/2024\/07\/Rostolland-scaled.jpg 1685w\" sizes=\"(max-width: 197px) 100vw, 197px\" \/><\/p>\r\n<p>&nbsp;<\/p>\r\n<p style=\"text-align: center;\">Editions Transhumances, prix 20 \u20ac<\/p>\r\n<p style=\"text-align: center;\">Pr\u00e9face et notes de Jean-G\u00e9rard Lapacherie\u00a0<\/p>\r\n<p>&nbsp;<\/p>\r\n<p>&nbsp;<\/p>\r\n<p><img loading=\"lazy\" class=\"aligncenter size-medium wp-image-512\" src=\"http:\/\/queyracines.org\/wp-content\/uploads\/2023\/12\/Transitons-du-Q-couv.-195x300.jpg\" alt=\"\" width=\"195\" height=\"300\" srcset=\"https:\/\/queyracines.org\/wp-content\/uploads\/2023\/12\/Transitons-du-Q-couv.-195x300.jpg 195w, https:\/\/queyracines.org\/wp-content\/uploads\/2023\/12\/Transitons-du-Q-couv.-665x1024.jpg 665w, https:\/\/queyracines.org\/wp-content\/uploads\/2023\/12\/Transitons-du-Q-couv.-768x1182.jpg 768w, https:\/\/queyracines.org\/wp-content\/uploads\/2023\/12\/Transitons-du-Q-couv..jpg 930w\" sizes=\"(max-width: 195px) 100vw, 195px\" \/><\/p>\r\n<p>&nbsp;<\/p>\r\n<p>Pour se le procurer, s&rsquo;adresser aux Editions Transhumances (site internet), 05100 Val-des-Pr\u00e9s ou dans les librairies et d\u00e9p\u00f4ts de presse du Queyras et du Brian\u00e7onnais, 180 pages, 14 \u20ac.\u00a0\u00a0<\/p>\r\n<p>&nbsp;<\/p>\r\n<p>&nbsp;<\/p>\r\n<p style=\"text-align: center;\"><strong>2023<\/strong><\/p>\r\n<p style=\"text-align: center;\"><strong>R\u00e9\u00e9dition\u00a0<\/strong><\/p>\r\n<p>&nbsp;<\/p>\r\n<p>Les \u00e9ditions Transhumances ont r\u00e9\u00e9dit\u00e9 <em>Molines en Queyras<\/em>, la monographie que Jean Tivollier a consacr\u00e9e en 1913 \u00e0 sa commune natale. 580 pages, 24 \u20ac.\u00a0<\/p>\r\n<p><img loading=\"lazy\" class=\"aligncenter size-medium wp-image-510\" src=\"http:\/\/queyracines.org\/wp-content\/uploads\/2023\/12\/Molines-Tivollier-198x300.jpg\" alt=\"\" width=\"198\" height=\"300\" srcset=\"https:\/\/queyracines.org\/wp-content\/uploads\/2023\/12\/Molines-Tivollier-198x300.jpg 198w, https:\/\/queyracines.org\/wp-content\/uploads\/2023\/12\/Molines-Tivollier-676x1024.jpg 676w, https:\/\/queyracines.org\/wp-content\/uploads\/2023\/12\/Molines-Tivollier-768x1164.jpg 768w, https:\/\/queyracines.org\/wp-content\/uploads\/2023\/12\/Molines-Tivollier.jpg 944w\" sizes=\"(max-width: 198px) 100vw, 198px\" \/><\/p>\r\n<p>&nbsp;<\/p>\r\n<p>&nbsp;<\/p>\r\n<p>&nbsp;<\/p>\r\n<p style=\"text-align: center;\"><a href=\"http:\/\/queyracines.org\/wp-content\/uploads\/2023\/03\/dicoQ_COUV.pdf\">dicoQ_COUV<\/a><\/p>\r\n<p>&nbsp;<\/p>\r\n<p>&nbsp;<\/p>\r\n<p><img loading=\"lazy\" class=\"aligncenter size-medium wp-image-484\" src=\"http:\/\/queyracines.org\/wp-content\/uploads\/2023\/03\/Couverture-dictionnaire-2-197x300.jpg\" alt=\"\" width=\"197\" height=\"300\" srcset=\"https:\/\/queyracines.org\/wp-content\/uploads\/2023\/03\/Couverture-dictionnaire-2-197x300.jpg 197w, https:\/\/queyracines.org\/wp-content\/uploads\/2023\/03\/Couverture-dictionnaire-2-674x1024.jpg 674w, https:\/\/queyracines.org\/wp-content\/uploads\/2023\/03\/Couverture-dictionnaire-2-768x1167.jpg 768w, https:\/\/queyracines.org\/wp-content\/uploads\/2023\/03\/Couverture-dictionnaire-2-1011x1536.jpg 1011w, https:\/\/queyracines.org\/wp-content\/uploads\/2023\/03\/Couverture-dictionnaire-2-1348x2048.jpg 1348w, https:\/\/queyracines.org\/wp-content\/uploads\/2023\/03\/Couverture-dictionnaire-2-scaled.jpg 1685w\" sizes=\"(max-width: 197px) 100vw, 197px\" \/><\/p>\r\n<p><img loading=\"lazy\" class=\"aligncenter size-medium wp-image-485\" src=\"http:\/\/queyracines.org\/wp-content\/uploads\/2023\/03\/Couverture-dos-2-205x300.jpg\" alt=\"\" width=\"205\" height=\"300\" srcset=\"https:\/\/queyracines.org\/wp-content\/uploads\/2023\/03\/Couverture-dos-2-205x300.jpg 205w, https:\/\/queyracines.org\/wp-content\/uploads\/2023\/03\/Couverture-dos-2-700x1024.jpg 700w, https:\/\/queyracines.org\/wp-content\/uploads\/2023\/03\/Couverture-dos-2-768x1124.jpg 768w, https:\/\/queyracines.org\/wp-content\/uploads\/2023\/03\/Couverture-dos-2-1050x1536.jpg 1050w, https:\/\/queyracines.org\/wp-content\/uploads\/2023\/03\/Couverture-dos-2-1400x2048.jpg 1400w, https:\/\/queyracines.org\/wp-content\/uploads\/2023\/03\/Couverture-dos-2-scaled.jpg 1749w\" sizes=\"(max-width: 205px) 100vw, 205px\" \/><\/p>\r\n<p>&nbsp;<\/p>\r\n<p>&nbsp;<\/p>\r\n<p style=\"text-align: center;\"><strong>2022<\/strong><\/p>\r\n<p>&nbsp;<\/p>\r\n<p><img loading=\"lazy\" class=\"aligncenter size-medium wp-image-486\" src=\"http:\/\/queyracines.org\/wp-content\/uploads\/2023\/03\/chantsqueyras_web-199x300.jpg\" alt=\"\" width=\"199\" height=\"300\" srcset=\"https:\/\/queyracines.org\/wp-content\/uploads\/2023\/03\/chantsqueyras_web-199x300.jpg 199w, https:\/\/queyracines.org\/wp-content\/uploads\/2023\/03\/chantsqueyras_web-680x1024.jpg 680w, https:\/\/queyracines.org\/wp-content\/uploads\/2023\/03\/chantsqueyras_web-768x1156.jpg 768w, https:\/\/queyracines.org\/wp-content\/uploads\/2023\/03\/chantsqueyras_web.jpg 800w\" sizes=\"(max-width: 199px) 100vw, 199px\" \/><\/p>\r\n<p>&nbsp;<\/p>\r\n<p>&nbsp;<\/p>\r\n<p>&nbsp;<\/p>\r\n<p style=\"text-align: center;\"><img loading=\"lazy\" class=\"aligncenter size-medium wp-image-440\" src=\"http:\/\/queyracines.org\/wp-content\/uploads\/2022\/05\/Sclafert-1-185x300.jpg\" alt=\"\" width=\"185\" height=\"300\" srcset=\"https:\/\/queyracines.org\/wp-content\/uploads\/2022\/05\/Sclafert-1-185x300.jpg 185w, https:\/\/queyracines.org\/wp-content\/uploads\/2022\/05\/Sclafert-1-632x1024.jpg 632w, https:\/\/queyracines.org\/wp-content\/uploads\/2022\/05\/Sclafert-1-768x1245.jpg 768w, https:\/\/queyracines.org\/wp-content\/uploads\/2022\/05\/Sclafert-1-948x1536.jpg 948w, https:\/\/queyracines.org\/wp-content\/uploads\/2022\/05\/Sclafert-1.jpg 1033w\" sizes=\"(max-width: 185px) 100vw, 185px\" \/><\/p>\r\n<p>&nbsp;<\/p>\r\n<p><img loading=\"lazy\" class=\"aligncenter size-medium wp-image-439\" src=\"http:\/\/queyracines.org\/wp-content\/uploads\/2022\/05\/Sclafert-Verso_0001-188x300.jpg\" alt=\"\" width=\"188\" height=\"300\" srcset=\"https:\/\/queyracines.org\/wp-content\/uploads\/2022\/05\/Sclafert-Verso_0001-188x300.jpg 188w, https:\/\/queyracines.org\/wp-content\/uploads\/2022\/05\/Sclafert-Verso_0001-642x1024.jpg 642w, https:\/\/queyracines.org\/wp-content\/uploads\/2022\/05\/Sclafert-Verso_0001-768x1226.jpg 768w, https:\/\/queyracines.org\/wp-content\/uploads\/2022\/05\/Sclafert-Verso_0001-963x1536.jpg 963w, https:\/\/queyracines.org\/wp-content\/uploads\/2022\/05\/Sclafert-Verso_0001.jpg 1049w\" sizes=\"(max-width: 188px) 100vw, 188px\" \/><\/p>\r\n<p>&nbsp;<\/p>\r\n<p>&nbsp;<\/p>\r\n<p><img loading=\"lazy\" class=\"size-medium wp-image-429 aligncenter\" src=\"http:\/\/queyracines.org\/wp-content\/uploads\/2022\/01\/Gondret-Memoires-200x300.jpg\" alt=\"\" width=\"200\" height=\"300\" srcset=\"https:\/\/queyracines.org\/wp-content\/uploads\/2022\/01\/Gondret-Memoires-200x300.jpg 200w, https:\/\/queyracines.org\/wp-content\/uploads\/2022\/01\/Gondret-Memoires-683x1024.jpg 683w, https:\/\/queyracines.org\/wp-content\/uploads\/2022\/01\/Gondret-Memoires-768x1152.jpg 768w, https:\/\/queyracines.org\/wp-content\/uploads\/2022\/01\/Gondret-Memoires-1024x1536.jpg 1024w, https:\/\/queyracines.org\/wp-content\/uploads\/2022\/01\/Gondret-Memoires-1365x2048.jpg 1365w, https:\/\/queyracines.org\/wp-content\/uploads\/2022\/01\/Gondret-Memoires-scaled.jpg 1707w\" sizes=\"(max-width: 200px) 100vw, 200px\" \/><\/p>\r\n<p>&nbsp;<\/p>\r\n<p>&nbsp;<\/p>\r\n<p style=\"text-align: center;\"><strong>2021<\/strong><\/p>\r\n<p>&nbsp;<\/p>\r\n<p><img loading=\"lazy\" class=\"aligncenter size-medium wp-image-424\" src=\"http:\/\/queyracines.org\/wp-content\/uploads\/2021\/09\/Auteurs-queyrassins-199x300.jpg\" alt=\"\" width=\"199\" height=\"300\" srcset=\"https:\/\/queyracines.org\/wp-content\/uploads\/2021\/09\/Auteurs-queyrassins-199x300.jpg 199w, https:\/\/queyracines.org\/wp-content\/uploads\/2021\/09\/Auteurs-queyrassins-680x1024.jpg 680w, https:\/\/queyracines.org\/wp-content\/uploads\/2021\/09\/Auteurs-queyrassins-768x1156.jpg 768w, https:\/\/queyracines.org\/wp-content\/uploads\/2021\/09\/Auteurs-queyrassins-1020x1536.jpg 1020w, https:\/\/queyracines.org\/wp-content\/uploads\/2021\/09\/Auteurs-queyrassins-1360x2048.jpg 1360w, https:\/\/queyracines.org\/wp-content\/uploads\/2021\/09\/Auteurs-queyrassins-scaled.jpg 1701w\" sizes=\"(max-width: 199px) 100vw, 199px\" \/><\/p>\r\n<p>&nbsp;<\/p>\r\n<p>&nbsp;<\/p>\r\n<p>&nbsp;<\/p>\r\n<p><img loading=\"lazy\" class=\"aligncenter size-medium wp-image-412\" src=\"http:\/\/queyracines.org\/wp-content\/uploads\/2021\/08\/P-Blanc-198x300.jpg\" alt=\"\" width=\"198\" height=\"300\" srcset=\"https:\/\/queyracines.org\/wp-content\/uploads\/2021\/08\/P-Blanc-198x300.jpg 198w, https:\/\/queyracines.org\/wp-content\/uploads\/2021\/08\/P-Blanc-675x1024.jpg 675w, https:\/\/queyracines.org\/wp-content\/uploads\/2021\/08\/P-Blanc-768x1165.jpg 768w, https:\/\/queyracines.org\/wp-content\/uploads\/2021\/08\/P-Blanc-1012x1536.jpg 1012w, https:\/\/queyracines.org\/wp-content\/uploads\/2021\/08\/P-Blanc-1350x2048.jpg 1350w, https:\/\/queyracines.org\/wp-content\/uploads\/2021\/08\/P-Blanc-scaled.jpg 1687w\" sizes=\"(max-width: 198px) 100vw, 198px\" \/><\/p>\r\n<p>&nbsp;<\/p>\r\n<p><strong>Un r\u00e9cit de Pierre Blanc, qui est \u00e0 l&rsquo;origine de l&rsquo;association Quey&rsquo;racines (cf. pp. 157-158)<\/strong><\/p>\r\n<p>&nbsp;<\/p>\r\n<p style=\"text-align: center;\">\u00a0<\/p>\r\n<p>&nbsp;<\/p>\r\n<p style=\"text-align: center;\">2020<\/p>\r\n<p style=\"text-align: center;\">\u00a0<\/p>\r\n<p style=\"text-align: center;\">Un beau livre illustr\u00e9 de Robert Franceschi sur la faune du Queyras<\/p>\r\n<p style=\"text-align: center;\">En vente dans les d\u00e9p\u00f4ts de presse du Queyras<\/p>\r\n<p style=\"text-align: center;\">\u00a0<\/p>\r\n<p style=\"text-align: center;\"><img loading=\"lazy\" src=\"http:\/\/queyracines.org\/wp-content\/uploads\/2020\/07\/Franceschi-214x300.jpg\" alt=\"\" width=\"214\" height=\"300\" \/><\/p>\r\n<p style=\"text-align: center;\">\u00a0<\/p>\r\n<p>&nbsp;<\/p>\r\n<p style=\"text-align: center;\">\u00a0<\/p>\r\n<p><img loading=\"lazy\" class=\"aligncenter\" src=\"http:\/\/queyracines.org\/wp-content\/uploads\/2020\/05\/Letro-de-FS-2020-215x300.jpg\" alt=\"\" width=\"215\" height=\"300\" \/><\/p>\r\n<p>&nbsp;<\/p>\r\n<p><strong>Une belle publication. Merci \u00e0 nos amis et adh\u00e9rents Ella et Georges Massieye.<\/strong><\/p>\r\n<p>&nbsp;<\/p>\r\n<p><img loading=\"lazy\" class=\"aligncenter\" src=\"http:\/\/queyracines.org\/wp-content\/uploads\/2020\/02\/anthropologues-200x300.jpg\" alt=\"\" width=\"200\" height=\"300\" \/><\/p>\r\n<p>&nbsp;<\/p>\r\n<p>&nbsp;<\/p>\r\n<p>&nbsp;<\/p>\r\n<p>&nbsp;<\/p>\r\n<p>&nbsp;<\/p>\r\n<p style=\"text-align: center;\"><strong>En 2019<\/strong><\/p>\r\n<p>&nbsp;<\/p>\r\n<p><img loading=\"lazy\" class=\"aligncenter\" src=\"http:\/\/queyracines.org\/wp-content\/uploads\/2019\/11\/ABC-du-Dauphin\u00e9-193x300.jpg\" alt=\"\" width=\"193\" height=\"300\" \/><\/p>\r\n<p>&nbsp;<\/p>\r\n<p><em>Ce Dictionnaire historique et patrimonial (Presses Universitaires de Grenoble et Mus\u00e9e Dauphinois) comprend 15 notices sur le Queyras et une cinquantaine de notices sur les Hautes-Alpes.\u00a0\u00a0<\/em><\/p>\r\n<p>&nbsp;<\/p>\r\n<p><img loading=\"lazy\" class=\"aligncenter\" src=\"http:\/\/queyracines.org\/wp-content\/uploads\/2019\/11\/Li-Letro0002-210x300.jpg\" alt=\"\" width=\"210\" height=\"300\" \/><\/p>\r\n<p><em>Dans cette belle revue, pp. 13 \u00e0 16, un assez long article a \u00e9t\u00e9 consacr\u00e9 aux \u00ab\u00a0Patrimoine et Traditions en Embrunais, Guillestrois, Queyras\u00a0\u00bb et aux associations, dont Quey&rsquo;racines. Merci \u00e0 l&rsquo;auteur de cet article.\u00a0\u00a0<\/em><\/p>\r\n<p>&nbsp;<\/p>\r\n<p style=\"text-align: center;\">\u00a0<\/p>\r\n<p><img loading=\"lazy\" class=\"aligncenter\" src=\"http:\/\/queyracines.org\/wp-content\/uploads\/2019\/08\/Blanc-P0002-213x300.jpg\" alt=\"\" width=\"213\" height=\"300\" \/><\/p>\r\n<p>&nbsp;<\/p>\r\n<p><img loading=\"lazy\" class=\"aligncenter\" src=\"http:\/\/queyracines.org\/wp-content\/uploads\/2019\/07\/Maritan0001-200x300.jpg\" alt=\"\" width=\"200\" height=\"300\" \/><\/p>\r\n<p>&nbsp;<\/p>\r\n<p><img loading=\"lazy\" class=\"aligncenter\" src=\"http:\/\/queyracines.org\/wp-content\/uploads\/2019\/02\/farel-186x300.jpg\" alt=\"\" width=\"186\" height=\"300\" \/><\/p>\r\n<p><img loading=\"lazy\" class=\"aligncenter\" src=\"http:\/\/queyracines.org\/wp-content\/uploads\/2019\/01\/le-queyras-200x300.jpg\" alt=\"\" width=\"200\" height=\"300\" \/><\/p>\r\n<p>&nbsp;<\/p>\r\n<p style=\"text-align: center;\"><strong>En 2108<\/strong><\/p>\r\n<p><img loading=\"lazy\" class=\"aligncenter\" src=\"http:\/\/queyracines.org\/wp-content\/uploads\/2018\/08\/Couverture-livre-JF-Bergouignan0001-300x184.jpg\" alt=\"\" width=\"300\" height=\"184\" \/><\/p>\r\n<p>&nbsp;<\/p>\r\n<p><img loading=\"lazy\" class=\"aligncenter\" src=\"http:\/\/queyracines.org\/wp-content\/uploads\/2018\/08\/Gu\u00e9rin-couverture-10001-201x300.jpg\" alt=\"\" width=\"201\" height=\"300\" \/><\/p>\r\n<p>&nbsp;<\/p>\r\n<p style=\"text-align: center;\"><strong>En 2017<\/strong><\/p>\r\n<p>&nbsp;<\/p>\r\n<p><img loading=\"lazy\" class=\"aligncenter\" src=\"http:\/\/queyracines.org\/wp-content\/uploads\/2018\/08\/Livre-Mo0001-208x300.jpg\" alt=\"\" width=\"208\" height=\"300\" \/><\/p>\r\n<p>&nbsp;<\/p>\r\n<p><img loading=\"lazy\" class=\"aligncenter\" src=\"http:\/\/queyracines.org\/wp-content\/uploads\/2018\/08\/Premiers-alpinistes0001-203x300.jpg\" alt=\"\" width=\"203\" height=\"300\" \/><\/p>\r\n<p>&nbsp;<\/p>\r\n<p><img loading=\"lazy\" class=\"aligncenter\" src=\"http:\/\/queyracines.org\/wp-content\/uploads\/2018\/08\/A-Borel0001-185x300.jpg\" alt=\"\" width=\"185\" height=\"300\" \/><\/p>\r\n<p>&nbsp;<\/p>\r\n<p style=\"text-align: center;\"><strong>En 2016<\/strong><\/p>\r\n<p>&nbsp;<\/p>\r\n<p><img loading=\"lazy\" class=\"aligncenter\" src=\"http:\/\/queyracines.org\/wp-content\/uploads\/2018\/08\/Molines0001-202x300.jpg\" alt=\"\" width=\"202\" height=\"300\" \/><\/p>\r\n<p><img loading=\"lazy\" class=\"aligncenter\" src=\"http:\/\/queyracines.org\/wp-content\/uploads\/2018\/08\/meule-200x300.jpg\" alt=\"\" width=\"200\" height=\"300\" \/><\/p>\r\n<p style=\"text-align: center;\"><strong>En 2015<\/strong><\/p>\r\n<p>&nbsp;<\/p>\r\n<p><img loading=\"lazy\" class=\"aligncenter\" src=\"http:\/\/queyracines.org\/wp-content\/uploads\/2018\/08\/Berge0001-202x300.jpg\" alt=\"\" width=\"202\" height=\"300\" \/><\/p>\r\n<p>&nbsp;<\/p>\r\n<p><img loading=\"lazy\" class=\"aligncenter\" src=\"http:\/\/queyracines.org\/wp-content\/uploads\/2018\/08\/Sclafert-20150001-184x300.jpg\" alt=\"\" width=\"184\" height=\"300\" \/><\/p>\r\n<p>&nbsp;<\/p>\r\n<p><img loading=\"lazy\" class=\"aligncenter\" src=\"http:\/\/queyracines.org\/wp-content\/uploads\/2018\/08\/canalmatthieu-200x300.jpg\" alt=\"\" width=\"200\" height=\"300\" \/><\/p>\r\n<p>&nbsp;<\/p>\r\n<p><img loading=\"lazy\" class=\"aligncenter\" src=\"http:\/\/queyracines.org\/wp-content\/uploads\/2018\/11\/Voix-de-la-montagne-scan-300x212.jpg\" alt=\"\" width=\"300\" height=\"212\" \/><\/p>\r\n<p>&nbsp;<\/p>\r\n<p style=\"text-align: center;\"><strong>En 2014<\/strong><\/p>\r\n<p>&nbsp;<\/p>\r\n<p><img loading=\"lazy\" class=\"aligncenter\" src=\"http:\/\/queyracines.org\/wp-content\/uploads\/2018\/08\/Blanchard-20140001-199x300.jpg\" alt=\"\" width=\"199\" height=\"300\" \/><\/p>\r\n<p>&nbsp;<\/p>\r\n<p style=\"text-align: center;\"><strong>En 2013<\/strong><\/p>\r\n<p>&nbsp;<\/p>\r\n<p><img loading=\"lazy\" class=\"aligncenter\" src=\"http:\/\/queyracines.org\/wp-content\/uploads\/2018\/09\/Blanc-P0001-201x300.jpg\" alt=\"\" width=\"201\" height=\"300\" \/><\/p>\r\n<p>&nbsp;<\/p>\r\n<p><img loading=\"lazy\" class=\"aligncenter\" src=\"http:\/\/queyracines.org\/wp-content\/uploads\/2018\/08\/Voyageurs-20130001-199x300.jpg\" alt=\"\" width=\"199\" height=\"300\" \/><\/p>\r\n<p>&nbsp;<\/p>\r\n<p><img loading=\"lazy\" class=\"aligncenter\" src=\"http:\/\/queyracines.org\/wp-content\/uploads\/2018\/08\/Ancien-R\u00e9gime0001-202x300.jpg\" alt=\"\" width=\"202\" height=\"300\" \/><\/p>\r\n<p>&nbsp;<\/p>\r\n<p style=\"text-align: center;\"><strong>En 2012<\/strong><\/p>\r\n<p>&nbsp;<\/p>\r\n<p><img loading=\"lazy\" class=\"aligncenter\" src=\"http:\/\/queyracines.org\/wp-content\/uploads\/2019\/07\/O-sculpt\u00e9s0001-300x262.jpg\" alt=\"\" width=\"300\" height=\"262\" \/><\/p>\r\n<p>&nbsp;<\/p>\r\n<p><img loading=\"lazy\" class=\"aligncenter\" src=\"http:\/\/queyracines.org\/wp-content\/uploads\/2018\/08\/Ristolas-2012-199x300.jpg\" alt=\"\" width=\"199\" height=\"300\" \/><\/p>\r\n<p>&nbsp;<\/p>\r\n<p style=\"text-align: center;\"><strong>En 2011<\/strong><\/p>\r\n<p>&nbsp;<\/p>\r\n<p><img loading=\"lazy\" class=\"aligncenter\" src=\"http:\/\/queyracines.org\/wp-content\/uploads\/2018\/08\/Protestantisme-20110001-186x300.jpg\" alt=\"\" width=\"186\" height=\"300\" \/><\/p>\r\n<p>&nbsp;<\/p>\r\n<p style=\"text-align: center;\"><strong>En 2010<\/strong><\/p>\r\n<p>&nbsp;<\/p>\r\n<p><img loading=\"lazy\" class=\"aligncenter\" src=\"http:\/\/queyracines.org\/wp-content\/uploads\/2018\/08\/La-Veill\u00e9e-20100001-185x300.jpg\" alt=\"\" width=\"185\" height=\"300\" \/><\/p>\r\n<p><\/p>\r\n<p>&nbsp;<\/p>\r\n<p><\/p>","protected":false},"excerpt":{"rendered":"<p>\u00a0 Livres publi\u00e9s ou r\u00e9\u00e9dit\u00e9s par des adh\u00e9rents ou des amis de Quey&rsquo;racines &nbsp; 2025 &nbsp; &nbsp; &nbsp; Editions Transhumances, 16 \u20ac. &nbsp;&#8230;<\/p>\n","protected":false},"author":1,"featured_media":0,"parent":0,"menu_order":0,"comment_status":"closed","ping_status":"closed","template":"","meta":[],"_links":{"self":[{"href":"https:\/\/queyracines.org\/index.php\/wp-json\/wp\/v2\/pages\/26"}],"collection":[{"href":"https:\/\/queyracines.org\/index.php\/wp-json\/wp\/v2\/pages"}],"about":[{"href":"https:\/\/queyracines.org\/index.php\/wp-json\/wp\/v2\/types\/page"}],"author":[{"embeddable":true,"href":"https:\/\/queyracines.org\/index.php\/wp-json\/wp\/v2\/users\/1"}],"replies":[{"embeddable":true,"href":"https:\/\/queyracines.org\/index.php\/wp-json\/wp\/v2\/comments?post=26"}],"version-history":[{"count":41,"href":"https:\/\/queyracines.org\/index.php\/wp-json\/wp\/v2\/pages\/26\/revisions"}],"predecessor-version":[{"id":587,"href":"https:\/\/queyracines.org\/index.php\/wp-json\/wp\/v2\/pages\/26\/revisions\/587"}],"wp:attachment":[{"href":"https:\/\/queyracines.org\/index.php\/wp-json\/wp\/v2\/media?parent=26"}],"curies":[{"name":"wp","href":"https:\/\/api.w.org\/{rel}","templated":true}]}}